{"id":103910,"date":"2021-10-01T09:50:39","date_gmt":"2021-10-01T07:50:39","guid":{"rendered":"https:\/\/jean-monnet-saar.eu\/?page_id=103910"},"modified":"2022-05-16T15:53:18","modified_gmt":"2022-05-16T14:53:18","slug":"das-virus-ist-kein-studienanfaenger-mehr-rechtfertigt-der-wunsch-nach-rueckkehr-zum-praesenzbetrieb-an-den-universitaeten-eine-impfpflicht-teil-i","status":"publish","type":"page","link":"https:\/\/jean-monnet-saar.eu\/?page_id=103910","title":{"rendered":"\u201eDas Virus ist kein Studienanf\u00e4nger mehr\u201c \u2013 Rechtfertigt der Wunsch nach R\u00fcckkehr zum Pr\u00e4senzbetrieb an den Universit\u00e4ten eine Impfpflicht? -Teil I"},"content":{"rendered":"\n<p>01.10.2021<\/p>\n\n\n\n<p>Ein Beitrag von Karoline Dolgowski*<\/p>\n\n\n\n<p>\u201eDas Virus ist kein Studienanf\u00e4nger mehr\u201c, schrieb&nbsp;<em>Simon R\u00f6sel&nbsp;<\/em>k\u00fcrzlich in der FAZ und sprach damit einen wunden Punkt an.<a href=\"applewebdata:\/\/86D229F0-29D3-4BFB-9869-34CD0C4732CE#_edn1\"><sup>[i]<\/sup><\/a>&nbsp;F\u00fcr die Studierenden an den deutschen Hochschulen ist das dritte Pandemie-Semester zu Ende gegangen \u2013 Semester ohne Vorlesungen im H\u00f6rsaal, Lerngruppentreffen in der Bibliothek und Mittagessen in der Mensa \u2013 und mit steigenden Inzidenzen n\u00e4hert sich der zweite Pandemie-Herbst. Doch was bedeutet das f\u00fcr die Universit\u00e4ten? Hinsichtlich der Schulen und Kinderg\u00e4rten scheint ein gesamtgesellschaftlicher Konsens zu herrschen: Der Unterricht muss nach den Sommerferien wieder in Pr\u00e4senz stattfinden! F\u00fcr die Entwicklung der Kinder ist es unerl\u00e4sslich, dass sie einen direkten Kontakt mit Lehrer:innen und Mitsch\u00fcler:innen haben. Das Thema wurde intensiv diskutiert in Politik und Wissenschaft.<a href=\"applewebdata:\/\/86D229F0-29D3-4BFB-9869-34CD0C4732CE#_edn2\"><sup>[ii]<\/sup><\/a>&nbsp;Studien haben auf den gravierenden Einfluss der Pandemie auf Lernerfolg und psychische Belastung f\u00fcr die Kinder hingewiesen.<a href=\"applewebdata:\/\/86D229F0-29D3-4BFB-9869-34CD0C4732CE#_edn3\"><sup>[iii]<\/sup><\/a>&nbsp;Einen derart breiten Diskurs hinsichtlich des Lehrbetriebs an den Universit\u00e4ten sucht man vergeblich. Nat\u00fcrlich gibt es auch hier kritische Stimmen.<a href=\"applewebdata:\/\/86D229F0-29D3-4BFB-9869-34CD0C4732CE#_edn4\"><sup>[iv]<\/sup><\/a>&nbsp;Im Gro\u00dfen und Ganzen scheint man aber davon auszugehen, dass Studierende erwachsene Menschen sind, denen zugemutet werden kann, selbstorganisiert und durch Online-Veranstaltungen unterst\u00fctzt den Studienstoff zu bew\u00e4ltigen. Das kann fatale Folgen haben. Gerade Studierende in den ersten Semestern m\u00fcssen bereits ohne Pandemie eine gro\u00dfe H\u00fcrde in ihrer Entwicklung bew\u00e4ltigen<a href=\"applewebdata:\/\/86D229F0-29D3-4BFB-9869-34CD0C4732CE#_edn5\"><sup>[v]<\/sup><\/a>: vom beh\u00fcteten Schulalltag und sorgloser Residenz im \u201eHotel Mama\u201c werden sie an die Universit\u00e4ten und in die erste eigene Wohnung katapultiert ohne vorgegebene Stundenpl\u00e4ne, klar definierte Hausaufgaben und W\u00e4scheservice. Diesen Entwicklungsschritt zu bew\u00e4ltigen, erfordert den Austausch mit Dozent:innen in Vorlesungen und Tutorien, aber vor allem auch mit anderen Gleichaltrigen in Lerngruppen, in der Bibliothek, in Wohnheimen und WGs und abends in der Kneipe. Doch wie soll eine R\u00fcckkehr zum Unialltag in Pr\u00e4senz gelingen? Mit \u00fcberf\u00fcllten H\u00f6rs\u00e4len, in denen teilweise drei- bis vierhundert Studierende zusammenkommen? Das Zauberwort ist in aller Munde: Impfen!<a href=\"applewebdata:\/\/86D229F0-29D3-4BFB-9869-34CD0C4732CE#_edn6\"><sup>[vi]<\/sup><\/a><\/p>\n\n\n\n<p>Interessant wird es bei der Frage, ob Universit\u00e4ten einen Impfnachweis fordern und somit eine Impfpflicht f\u00fcr ihre Studierenden einf\u00fchren k\u00f6nnen, um eine R\u00fcckkehr zum Pr\u00e4senzbetrieb zu erm\u00f6glichen. In diesem Beitrag soll es weder um eine ethische noch eine politische Bewertung einer solchen Impfpflicht an Universit\u00e4ten gehen, sondern vielmehr untersucht werden, ob eine Impfpflicht an Universit\u00e4ten \u00fcberhaupt mit dem Grundgesetz (Teil I) und dem Europ\u00e4ischen Menschenrechtsschutzsystem (Teil II) vereinbar w\u00e4re. Fragen des Datenschutzes und der konkreten Umsetzung einer solchen Nachweispflicht werden dabei ausgeblendet. Diese dringlichen Fragen bed\u00fcrfen freilich ebenfalls einer Kl\u00e4rung.&nbsp;<\/p>\n\n\n\n<p><strong>Impfpflicht ist nicht gleich Impfpflicht<\/strong><\/p>\n\n\n\n<p>Um eine solche Bewertung vorzunehmen, muss zun\u00e4chst gekl\u00e4rt werden, was genau mit \u201eImpfpflicht an Universit\u00e4ten\u201c in diesem Beitrag gemeint ist. Von einer \u201cZwangsimpfung\u201d spricht man bei einer Impfpflicht, die durch unmittelbaren Zwang durchgesetzt wird.<a href=\"applewebdata:\/\/86D229F0-29D3-4BFB-9869-34CD0C4732CE#_edn7\"><sup>[vii]<\/sup><\/a>&nbsp;Eine solche ist derzeit nirgendwo vorgesehen. Von einer \u201dImpfpflicht\u201d spricht man hingegen, wenn ein Gesetz verschiedene Formen des Zwangs zur Durchsetzung der Impfung vorsieht: zum Beispiel, wenn Impfverweigerern Sanktionen oder Rechtsnachteile angedroht werden.<a href=\"applewebdata:\/\/86D229F0-29D3-4BFB-9869-34CD0C4732CE#_edn8\"><sup>[viii]<\/sup><\/a>&nbsp;Eine \u201dfaktische mittelbare Impfpflicht\u201d entsteht, wenn z.B. Betreiber von Gastst\u00e4tten Nichtgeimpften den Zutritt verweigern.<a href=\"applewebdata:\/\/86D229F0-29D3-4BFB-9869-34CD0C4732CE#_edn9\"><sup>[ix]<\/sup><\/a>Universit\u00e4ten rund um den Globus haben verschiedene Ans\u00e4tze gew\u00e4hlt, um eine m\u00f6glichst hohe Impfquote unter den Studierenden zu erreichen und dadurch eine R\u00fcckkehr zum Pr\u00e4senzunterricht im kommenden Wintersemester zu erm\u00f6glichen. Herausgegriffen werden sollen hier zwei Beispiele:<\/p>\n\n\n\n<p><strong>Keine Immatrikulation ohne Impfnachweis<\/strong><\/p>\n\n\n\n<p>Die&nbsp;<em>Indiana University<\/em>, \u00e4hnlich wie zahlreiche andere staatliche und private Universit\u00e4ten in den USA \u2013 darunter Harvard, Yale und die&nbsp;<em>University of Virginia<\/em>,<a href=\"applewebdata:\/\/86D229F0-29D3-4BFB-9869-34CD0C4732CE#_edn10\"><sup>[x]<\/sup><\/a>&nbsp;schreibt zum kommenden Wintersemester eine Impfung gegen SarsCoV2 verpflichtend vor. Dies hat das&nbsp;<em>Indiana University Board of Trustees<\/em>&nbsp;beschlossen.<a href=\"applewebdata:\/\/86D229F0-29D3-4BFB-9869-34CD0C4732CE#_edn11\"><sup>[xi]<\/sup><\/a>&nbsp;Ein Nachweis \u00fcber die Impfung muss bei der Immatrikulation vorgelegt werden. Ausnahmen k\u00f6nnen aus medizinischen oder religi\u00f6sen Gr\u00fcnden beantragt werden. Studierenden, die sich nicht impfen lassen m\u00f6chten, steht es frei, sich f\u00fcr das Studienjahr beurlauben zu lassen oder die Universit\u00e4t zu wechseln bzw. sich an einer anderen Universit\u00e4t zu immatrikulieren. Die hiergegen von 8 Studierenden der Universit\u00e4t eingereichte Klage blieb ohne Erfolg.<a href=\"applewebdata:\/\/86D229F0-29D3-4BFB-9869-34CD0C4732CE#_edn12\"><sup>[xii]<\/sup><\/a>&nbsp;Auch der Eilantrag an den&nbsp;<em>US<\/em><em>Supreme Court<\/em>&nbsp;wurde ohne weitere Begr\u00fcndung abgelehnt,<a href=\"applewebdata:\/\/86D229F0-29D3-4BFB-9869-34CD0C4732CE#_edn13\"><sup>[xiii]<\/sup><\/a>&nbsp;ein Indiz daf\u00fcr, dass die Impfpflicht mit der amerikanischen Verfassung vereinbar ist.<a href=\"applewebdata:\/\/86D229F0-29D3-4BFB-9869-34CD0C4732CE#_edn14\"><sup>[xiv]<\/sup><\/a>&nbsp;Nach dem hier zu Grunde gelegten Verst\u00e4ndnis handelt es sich bei dieser Regelung um eine faktische mittelbare Impfpflicht.&nbsp;<\/p>\n\n\n\n<p><strong>3-G Regel in der Pr\u00e4senzlehre<\/strong><\/p>\n\n\n\n<p>Einen anderen Ansatz w\u00e4hlt die \u00fcberwiegende Mehrheit der Universit\u00e4ten in Deutschland<a href=\"applewebdata:\/\/86D229F0-29D3-4BFB-9869-34CD0C4732CE#_edn15\"><sup>[xv]<\/sup><\/a>&nbsp;und \u00d6sterreich<a href=\"applewebdata:\/\/86D229F0-29D3-4BFB-9869-34CD0C4732CE#_edn16\"><sup>[xvi]<\/sup><\/a>. So sieht beispielsweise die&nbsp;<em>Universit\u00e4t Bremen<\/em><a href=\"applewebdata:\/\/86D229F0-29D3-4BFB-9869-34CD0C4732CE#_edn17\"><sup>[xvii]<\/sup><\/a>&nbsp;vor, dass der Lehrbetrieb ganz \u00fcberwiegend in Pr\u00e4senz stattfinden soll. Zugang zu den Veranstaltungen haben aber nur Studierende, die geimpft, genesen oder getestet sind (sog. 3G-Regel). Die&nbsp;<em>Universit\u00e4t Bremen<\/em>&nbsp;fordert einen tagesaktuellen Test (nicht \u00e4lter als 24 Stunden). Die Corona-B\u00fcrgertests sollen in Deutschland ab dem 11. Oktober 2021 grunds\u00e4tzlich kostenpflichtig werden.<a href=\"applewebdata:\/\/86D229F0-29D3-4BFB-9869-34CD0C4732CE#_edn18\"><sup>[xviii]<\/sup><\/a>&nbsp;&nbsp;Dass die Universit\u00e4t den Studierenden ein kostenloses Testangebot machen wird, ist nicht absehbar. Was ein Antigen-Schnelltest ab Oktober kosten wird, ist ebenfalls&nbsp;noch unklar.&nbsp;Nach Angaben des Bundesgesundheitsministeriums liegt es nahe, dass die Kosten wie bisher mit 11,50 \u20ac je Antigen-Schnelltest beziffert werden.<a href=\"applewebdata:\/\/86D229F0-29D3-4BFB-9869-34CD0C4732CE#_edn19\"><sup>[xix]<\/sup><\/a>&nbsp;Teilweise wird aber auch vermutet, dass die Tests bis zu 20 \u20ac kosten werden, damit Testzentren weiterhin wirtschaftlich arbeiten k\u00f6nnen.<a href=\"applewebdata:\/\/86D229F0-29D3-4BFB-9869-34CD0C4732CE#_edn20\"><sup>[xx]<\/sup><\/a>&nbsp;Grob \u00fcberschlagen kommen damit auf Studierende in Bremen Kosten in H\u00f6he von 700 &#8211; 1200 \u20ac im Semester (bei 12 Semesterwochen) zu. Faktisch d\u00fcrfte diese finanzielle Belastung ebenfalls dazu f\u00fchren, dass Studierende einem erh\u00f6hten Druck, sich impfen zu lassen, ausgesetzt sind. Ob auch hier bereits, insbesondere in rechtlicher Hinsicht, von einer \u201dfaktischen mittelbaren Impfpflicht\u201c gesprochen werden kann, bleibt aber noch zu kl\u00e4ren.&nbsp;<\/p>\n\n\n\n<p><strong>Vereinbarkeit der \u201cImpfpflichten\u201d mit dem Grundgesetz<\/strong><\/p>\n\n\n\n<p>Ob und in welcher Weise Studierende verpflichtet werden k\u00f6nnen, sich gegen SarsCov2 impfen zu lassen, h\u00e4ngt insbesondere davon ab, inwiefern die Impfpflicht in ihre grundrechtlich gesch\u00fctzten Positionen eingreift und ob dieser Eingriff unter Umst\u00e4nden gerechtfertigt ist. Im Falle einer Impfpflicht kommt insbesondere ein Eingriff in das Grundrecht auf k\u00f6rperliche Unversehrtheit gem. Art. 2 Abs. 2 S. 1 GG in Betracht.<\/p>\n\n\n\n<p>Verweigert der Patient die Einwilligung in die Impfung,<a href=\"applewebdata:\/\/86D229F0-29D3-4BFB-9869-34CD0C4732CE#_edn21\"><sup>[xxi]<\/sup><\/a>&nbsp;stellt die Impfung unzweifelhaft einen Eingriff in die k\u00f6rperliche Unversehrtheit dar, denn zum einen beeintr\u00e4chtigt bereits der Einstich mit der Nadel in den K\u00f6rper die k\u00f6rperliche Integrit\u00e4t, und zum anderen werden durch das Injizieren des Impfstoffes teilweise heftige Impfreaktionen hervorgerufen. Diese reichen bei den Impfungen gegen SarsCov2 von Schmerzen an der Einstichstelle hin zu Kopfschmerzen, Fieber und Sch\u00fcttelfrost. In sehr seltenen F\u00e4llen wurden bei einer Impfung mit den Impfstoffen Comirnaty (BioNTech\/Pfizer) und Spikevax (Moderna) auch Herzmuskel- und Herzbeutelentz\u00fcndungen und bei Impfungen mit Vaxzevria (AstraZeneca) Sinusvenenthrombosen beobachtet.<a href=\"applewebdata:\/\/86D229F0-29D3-4BFB-9869-34CD0C4732CE#_edn22\"><sup>[xxii]<\/sup><\/a>&nbsp;Hierin liegt unzweifelhaft eine St\u00f6rung der biologisch-physiologischen K\u00f6rpersph\u00e4re. In einigen F\u00e4llen d\u00fcrfte auch die Schwelle zum Hervorrufen eines Krankheitszustandes \u00fcberschritten sein.<sup>&nbsp;<a href=\"applewebdata:\/\/86D229F0-29D3-4BFB-9869-34CD0C4732CE#_edn23\"><sup>[xxiii]<\/sup><\/a><\/sup>&nbsp;&nbsp;Nun stellt sich aber die Frage, ob bei der hier beschriebenen faktischen mittelbaren Impfpflicht nicht eine Einwilligung der Studierenden in die Impfung vorliegt.&nbsp;<\/p>\n\n\n\n<p>Weder die&nbsp;<em>Indiana University<\/em>&nbsp;noch die&nbsp;<em>Universit\u00e4t Bremen<\/em>&nbsp;nehmen eine Impfung zwangsweise vor. Auch zieht die Ablehnung der Impfung keine staatlichen Zwangsmittel nach sich. An die Ablehnung sind aber gewichtige Nachteile gekn\u00fcpft. Im Falle der&nbsp;<em>Indiana<\/em>&nbsp;<em>University<\/em>&nbsp;k\u00f6nnen Studierende, die die Impfung ablehnen, gar nicht mehr an dieser Universit\u00e4t studieren. Es bestehen erhebliche Zweifel, ob man in diesem Fall noch davon sprechen kann, dass die Einwilligung in die Impfung bewusst und freiwillig abgegeben wird.<a href=\"applewebdata:\/\/86D229F0-29D3-4BFB-9869-34CD0C4732CE#_edn24\"><sup>[xxiv]<\/sup><\/a>&nbsp;Durch die beschriebenen Konsequenzen wird der subjektive Entscheidungsspielraum erheblich eingeschr\u00e4nkt. Bei dieser faktischen Impfpflicht wird der Entscheidungskorridor dahingehend verengt, dass die einzige Alternative zur Impfung der Besuch einer anderen Universit\u00e4t, und damit verbunden h\u00e4ufig ein Wegzug von Freunden und Familie, w\u00e4re. Denn bereits eine Einschreibung an der&nbsp;<em>Indiana University<\/em>&nbsp;ist ohne Impfnachweis nicht m\u00f6glich. In diesem Fall kann man daher wohl nicht mehr von einer wirklichen \u201eFreiwilligkeit\u201c sprechen.&nbsp;<\/p>\n\n\n\n<p>Hinsichtlich der Einf\u00fchrung der 3G-Regel an der&nbsp;<em>Universit\u00e4t Bremen<\/em>&nbsp;beschr\u00e4nkt sich der Nachteil darauf, dass Studierende teils erhebliche Kosten auf sich nehmen m\u00fcssen, um sich die Teilnahme an Lehrveranstaltungen durch einen Negativtest \u201ezu erkaufen\u201c. Au\u00dferdem m\u00fcssen sie sich st\u00e4ndig um Testtermine k\u00fcmmern. Auch dies wird den Druck, sich impfen zu lassen, deutlich erh\u00f6hen. Allerdings stehen den Studierenden deutlich mehr Handlungsalternativen zur Verf\u00fcgung als im Falle der faktischen Impfpflicht an der&nbsp;<em>Indiana University<\/em>. Den Studierenden wird bei Verweigerung der Impfung gerade nicht verwehrt, an einer bestimmten Universit\u00e4t zu studieren. Vielmehr haben sie unabh\u00e4ngig von ihrem Impfstatus die M\u00f6glichkeit, sich zu immatrikulieren. Relevant wird der Impfstatus erst bei der Teilnahme an Pr\u00e4senzveranstaltungen. An deutschen Universit\u00e4ten ist es auch keinesfalls so, dass ein Besuch der Pr\u00e4senzveranstaltungen unerl\u00e4sslich ist. Die meisten Studierenden treffen eine Auswahl an Vorlesungen, deren Besuch ihnen sinnvoll erscheint, und eignen sich die restlichen Inhalte im Selbststudium an. Durch eine solche Auswahl lassen sich die Testkosten reduzieren. Dar\u00fcber hinaus ist im Vergleich zur faktischen Impfpflicht an der Indiana University aber insbesondere zu ber\u00fccksichtigen, dass es in Bremen \u00fcberhaupt eine M\u00f6glichkeit gibt, ausgew\u00e4hlte Pr\u00e4senzveranstaltungen mit einem negativen Test zu besuchen. Auch wenn also durch die finanzielle Belastung und M\u00fchewaltung durchaus Druck auf die Studierenden ausge\u00fcbt wird, wird ihr subjektiver Entscheidungsspielraum nicht derart eingeschr\u00e4nkt, dass man die Freiwilligkeit der Entscheidung, sich impfen zu lassen, g\u00e4nzlich verneinen kann. W\u00e4hrend die faktische Impflicht an der&nbsp;<em>Indiana University<\/em>&nbsp;also einen Eingriff in den Schutzbereich des Rechts auf k\u00f6rperliche Unversehrtheit darstellt, ist dies bei der Einf\u00fchrung der 3G-Regel nach der hier vertretenen Auffassung nicht der Fall. Der Druck, sich impfen zu lassen, ist in Bremen einfach nicht hoch genug.&nbsp;<\/p>\n\n\n\n<p>Das Bremer Modell beinhaltet jedoch zumindest einen Eingriff in die Berufsfreiheit gem. Art. 12 Abs. 1 GG. Die Studentische Lern- und Studierfreiheit f\u00e4llt als Teilgarantie des Ausbildungsfreiheit in den Schutzbereich des Art. 12 Abs. 1 GG.<a href=\"applewebdata:\/\/86D229F0-29D3-4BFB-9869-34CD0C4732CE#_edn25\"><sup>[xxv]<\/sup><\/a><sup>&nbsp;<\/sup>&nbsp;Die Ausbildungsfreiheit umfasst damit die Freiheit \u201ddas eigene Studium nach eigenen Pr\u00e4ferenzen gestalten zu k\u00f6nnen, ohne durch unverh\u00e4ltnism\u00e4\u00dfige Regularien oder Entscheidungen hieran gehindert zu werden.\u201d<a href=\"applewebdata:\/\/86D229F0-29D3-4BFB-9869-34CD0C4732CE#_edn26\"><sup>[xxvi]<\/sup><\/a><sup>&nbsp;<\/sup>Eine solch freie Gestaltung des eigenen Studiums ist aber mit Einf\u00fchrung der 3G-Regel deutlich erschwert.&nbsp;<sup><\/sup><\/p>\n\n\n\n<p>Ein Eingriff in den Schutzbereich des Rechts auf Leben d\u00fcrfte in beiden F\u00e4llen zu verneinen sein. Trotz vereinzelt berichteter letaler Impffolgen ist die Wahrscheinlichkeit eines Zusammenhangs zwischen Impfung und t\u00f6dlicher Folge \u00e4u\u00dferst gering. Die \u201eGefahr\u201c ist folglich nicht hinreichend konkret genug.<a href=\"applewebdata:\/\/86D229F0-29D3-4BFB-9869-34CD0C4732CE#_edn27\"><sup>[xxvii]<\/sup><\/a><\/p>\n\n\n\n<p>Schwierigkeiten bereitet sodann aber die Frage, ob der Eingriff in die k\u00f6rperliche Unversehrtheit im Falle der faktischen Impfpflicht wie an der<em>&nbsp;Indiana University&nbsp;<\/em>unter Umst\u00e4nden gerechtfertigt ist. Art. 2 Abs. 2 S. 3 GG sieht einen einfachen Gesetzesvorbehalt vor. Die Entscheidung des&nbsp;<em>Indiana University Board of Trustees<\/em>&nbsp;stellt kein f\u00f6rmliches Gesetz dar und w\u00fcrde daher dem Gesetzesvorbehalt nicht gen\u00fcgen.<a href=\"applewebdata:\/\/86D229F0-29D3-4BFB-9869-34CD0C4732CE#_edn28\"><sup>[xxviii]<\/sup><\/a>&nbsp;Wollte man eine \u00e4hnliche Regelung in Deutschland einf\u00fchren, m\u00fcsste daf\u00fcr folglich eine parlamentsgesetzliche Grundlage geschaffen werden. Keinesfalls k\u00f6nnten die Universit\u00e4ten eine solche Regelung eigenst\u00e4ndig einf\u00fchren. Gleiches gilt der Sache nach, wenn man in der Bremer Variante einen Eingriff in Art. 2 Abs. 1 GG oder Art. 12 Abs. 1 GG annimmt.<\/p>\n\n\n\n<p>Dar\u00fcber hinaus m\u00fcsste der Eingriff aber auch verh\u00e4ltnism\u00e4\u00dfig sein, d.h. einen legitimen Zweck verfolgen, geeignet, erforderlich und angemessen sein.<a href=\"applewebdata:\/\/86D229F0-29D3-4BFB-9869-34CD0C4732CE#_edn29\"><sup>[xxix]<\/sup><\/a>&nbsp;Die Einf\u00fchrung der faktischen Impfpflicht an der&nbsp;<em>Indiana<\/em>&nbsp;<em>University<\/em>&nbsp;hat zum einen den Zweck, eine R\u00fcckkehr zum Pr\u00e4senzunterricht und damit den Studierenden der Universit\u00e4t eine h\u00f6chstm\u00f6gliche Bildungsqualit\u00e4t zu erm\u00f6glichen, gleichzeitig aber auch die Entwicklung der Studierenden in diesem wichtigen Lebensabschnitt durch den direkten Kontakt mit Dozent:innen und Professor:innen sowie Kommiliton:innen zu erm\u00f6glichen. Der Zweck der Regelung geht aber noch weiter: erkl\u00e4rte Absicht ist es n\u00e4mlich auch, das Leben und die Gesundheit derjenigen Universit\u00e4tsangeh\u00f6rigen zu sch\u00fctzen, die zur Risikogruppen geh\u00f6ren und selbst nicht geimpft werden k\u00f6nnen. In beiden Intentionen liegt ein legitimer Zweck. Dem Gesetzgeber steht hinsichtlich der Auswahl des geeigneten Mittels zur Zweckerreichung ein weiter Prognosespielraum zu.<a href=\"applewebdata:\/\/86D229F0-29D3-4BFB-9869-34CD0C4732CE#_edn30\"><sup>[xxx]<\/sup><\/a>&nbsp;Nach derzeitigem Stand der Wissenschaft kann von der Geeignetheit der zugelassenen Impfstoffe gegen SarsCov2 ausgegangen werden. Laut RKI<a href=\"applewebdata:\/\/86D229F0-29D3-4BFB-9869-34CD0C4732CE#_edn31\"><sup>[xxxi]<\/sup><\/a>&nbsp;bieten die COVID-19-mRNA-Impfstoffe Comirnaty (BioNTech\/Pfizer) und Spikevax (Moderna) eine hohe Wirksamkeit von etwa 95%, der Impfstoff Vaxzervia von AstraZeneca eine Wirksamkeit von ca. 80%. Das bedeutet, dass die Wahrscheinlichkeit, an COVID-19 zu erkranken, bei vollst\u00e4ndig geimpften Personen um 95% (bzw. 80%) geringer ist als bei Personen, die nicht geimpft sind. Schwere Krankheitsverl\u00e4ufe werden um 85% (Comirnaty und Spikevax) und 95% (Vaxzervia) gesenkt. Inwiefern die Impfung auch das Risiko einer \u00dcbertragbarkeit senkt und wie lange die Impfung wirksam ist, ist derzeit noch nicht bekannt. Erste Studien aus Gro\u00dfbritannien haben ergeben, dass die Impfstoffe Comirnaty und Vaxzervia bei vollst\u00e4ndiger Impfung auch einen vergleichbar hohen Schutz gegen die derzeit vorherrschende Virusvariante Delta bieten. Insbesondere ist der Schutz vor schweren Verl\u00e4ufen nach wie vor hoch. Ob die Impfstoffe auch gegen neue Virusmutationen wirksam sein werden, kann derzeit noch nicht beurteilt werden.&nbsp;<\/p>\n\n\n\n<p>Dar\u00fcber hinaus stellt sich die Frage, ob eine Impfpflicht an sich geeignet ist, um die legitimen Zwecke zu erreichen. Es ist davon auszugehen, dass sich bei einer bestehenden Impfpflicht der \u00fcberwiegende Teil der Studierenden impfen lassen wird, weshalb eine Impfpflicht grunds\u00e4tzlich geeignet erscheint. Zweifel an der Geeignetheit wachsen jedoch, schaut man sich den politischen Vertrauensverlust an, der mit einer solchen Pflicht einhergeht.<a href=\"applewebdata:\/\/86D229F0-29D3-4BFB-9869-34CD0C4732CE#_edn32\"><sup>[xxxii]<\/sup><\/a>&nbsp;Dabei handelt es sich aber wohl eher um die Frage, ob die Impfpflicht auf lange Sicht eine politisch kluge Ma\u00dfnahme ist, nicht ob sie zur Erreichung des (kurzfristig) gesteckten legitimen Ziels geeignet ist.&nbsp;<\/p>\n\n\n\n<p>Schwieriger gestaltet sich aber die Frage, ob eine solche faktische Impfpflicht auch erforderlich ist, d.h. dem Staat kein anderes, gleich wirksames Mittel zur Verf\u00fcgung steht.<a href=\"applewebdata:\/\/86D229F0-29D3-4BFB-9869-34CD0C4732CE#_edn33\"><sup>[xxxiii]<\/sup><\/a>&nbsp;Denkbar sind zahlreiche alternative Mittel. So hat sich gezeigt, dass die Impfbereitschaft in der Bev\u00f6lkerung besonders durch eine besonnene Aufkl\u00e4rungskampagne gesteigert werden kann. Auch niedrigschwellige Impfangebote (Impfbusse auf dem Campus) werden sehr gut angenommen. Dar\u00fcber hinaus besteht die M\u00f6glichkeit mit Anreizen, wie beispielsweise Freigetr\u00e4nken in der Uni-Bar, Mensagutscheinen etc. Studierende zum freiwilligen Impfen zu motivieren.<a href=\"applewebdata:\/\/86D229F0-29D3-4BFB-9869-34CD0C4732CE#_edn34\"><sup>[xxxiv]<\/sup><\/a>&nbsp;Allerdings hat sich auch gezeigt, dass alle diese Ma\u00dfnahmen nicht zwingend verhindern k\u00f6nnen, dass die Impfbereitschaft irgendwann stagniert. Insbesondere die USA haben mit r\u00fcckl\u00e4ufigen Impfzahlen zu k\u00e4mpfen.<a href=\"applewebdata:\/\/86D229F0-29D3-4BFB-9869-34CD0C4732CE#_edn35\"><sup>[xxxv]<\/sup><\/a>&nbsp;Dies betrifft auch Studierende. Auch wenn keine verl\u00e4sslichen Zahlen f\u00fcr die&nbsp;<em>Indiana<\/em>&nbsp;<em>University<\/em>&nbsp;vorliegen, liegt die Impfbereitschaft bei Studierenden in New Jersey bei ca. 75%.<a href=\"applewebdata:\/\/86D229F0-29D3-4BFB-9869-34CD0C4732CE#_edn36\"><sup>[xxxvi]<\/sup><\/a>&nbsp;\u00c4hnliche Zahlen werden f\u00fcr Studierende in den gesamten USA berichtet.<a href=\"applewebdata:\/\/86D229F0-29D3-4BFB-9869-34CD0C4732CE#_edn37\"><sup>[xxxvii]<\/sup><\/a>&nbsp;Von den erforderlichen 85 &#8211; 90 %, die zur langfristigen Eind\u00e4mmung des Virus notwendig sind, ist dies weit entfernt.<a href=\"applewebdata:\/\/86D229F0-29D3-4BFB-9869-34CD0C4732CE#_edn38\"><sup>[xxxviii]<\/sup><\/a>&nbsp;Die Erforderlichkeit der Einf\u00fchrung einer tats\u00e4chlichen Impfpflicht l\u00e4sst sich f\u00fcr die&nbsp;<em>Indiana<\/em>&nbsp;<em>University<\/em>&nbsp;daher durchaus bejahen.&nbsp;<\/p>\n\n\n\n<p>Anders gestaltet sich die Situation in Deutschland: Die Bereitschaft unter Studierenden in Deutschland, sich gegen SarsCov2 impfen zu lassen, ist deutlich h\u00f6her als in der Gesamtbev\u00f6lkerung.<a href=\"applewebdata:\/\/86D229F0-29D3-4BFB-9869-34CD0C4732CE#_edn39\"><sup>[xxxix]<\/sup><\/a>&nbsp;Eine Studierendenumfrage der&nbsp;<em>Universit\u00e4t T\u00fcbingen<\/em><a href=\"applewebdata:\/\/86D229F0-29D3-4BFB-9869-34CD0C4732CE#_edn40\"><sup>[xl]<\/sup><\/a>&nbsp;hat gezeigt, dass bereits 92% aller Befragten mindestens einmal geimpft sind. Lediglich 3,7% der Befragten gaben an, dass sie sich gar nicht impfen lassen wollten. \u00c4hnliche Zahlen finden sich auch in einer Erhebung der&nbsp;<em>Universit\u00e4t Bremen<\/em><a href=\"applewebdata:\/\/86D229F0-29D3-4BFB-9869-34CD0C4732CE#_edn41\"><sup>[xli]<\/sup><\/a>, in der 87% der Studierenden angaben, mindestens einmal geimpft zu sein und lediglich 9% sich nicht oder wahrscheinlich nicht impfen lassen wollen. Bei einer derart hohen Impfbereitschaft unter Studierenden erscheint die Einf\u00fchrung einer faktischen Impfpflicht, wie an der&nbsp;<em>Indiana University<\/em>, an deutschen Hochschulen derzeit jedenfalls nicht als erforderlich.&nbsp;<\/p>\n\n\n\n<p>Anders zu bewerten ist die Frage nach der Rechtfertigung des Eingriffs in die Ausbildungsfreiheit gem. Art 12 Abs. 1 GG durch die Einf\u00fchrung der 3G-Regel in Bremen. Auch hier ist letztendlich Dreh- und Angelpunkt der Rechtfertigungspr\u00fcfung, ob die Ma\u00dfnahme erforderlich und angemessen ist. Anders als die Einf\u00fchrung einer faktischen Impfpflicht wie an der&nbsp;<em>Indiana University<\/em>&nbsp;erscheint die Einf\u00fchrung der 3G-Regel trotz hoher Impfbereitschaft unter den Studierenden durchaus erforderlich. Mit der Einf\u00fchrung der 3G-Regel verfolgen die Universit\u00e4ten nicht nur das legitime Ziel einen dauerhaften Schutz der Gesundheit der Studierenden durch eine m\u00f6glichst hohe Impfquote zu erreichen, sondern auch einen kurzfristigen Schutz durch regelm\u00e4\u00dfiges Testen derjenigen Studierenden, die nicht geimpft sind, um der Ausbreitung von Infektionen mit COVID-19 rechtzeitig eind\u00e4mmen zu k\u00f6nnen.&nbsp;&nbsp;&nbsp;Im Vergleich zur faktischen Impfpflicht ist die 3G-Regel ein wesentlich milderes Mittel, dessen Eingriffsintensit\u00e4t deutlich hinter der Regelung der&nbsp;<em>Indiana University<\/em>&nbsp;zur\u00fcckbleibt. Dar\u00fcber hinaus ist zu ber\u00fccksichtigen, dass die 3G-Regel in einer \u00dcbergangsphase eingef\u00fchrt wird: es besteht eine hohe Impf<em>bereitschaft<\/em>&nbsp;unter den Studierenden, es sind aber l\u00e4ngst noch nicht ausreichend viele Studierende geimpft. Die Universit\u00e4ten sind damit in der Pflicht bei Wiederaufnahme der Pr\u00e4senzveranstaltungen die Studierenden vor einer Ansteckung zu sch\u00fctzen. Bei noch nicht ausreichend vorhandenem Impfschutz, ist die beste Ma\u00dfnahme hierzu das Testen. Dar\u00fcber hinaus haben die Universit\u00e4ten auch durchaus ein legitimes Interesse daran die Impfmoral der Studierenden aufrecht zu halten und durch \u201csanfte\u201d Ma\u00dfnahmen wie die 3G-Regel darauf hinzuwirken, dass impfwillige Studierende sich auch tats\u00e4chlich impfen lassen. So dass insgesamt die Erforderlichkeit der 3G-Regel zu bejahen ist. Auch eine Gesamtabw\u00e4gung im Rahmen der Verh\u00e4ltnism\u00e4\u00dfigkeit kommt zu keinem anderen Ergebnis.<\/p>\n\n\n\n<p>W\u00e4hrend die Einf\u00fchrung der 3G-Regel im Ergebnis also bereits keinen Eingriff in den Schutzbereich des Rechts auf Leben und k\u00f6rperliche Unversehrtheit darstellt und der hierdurch erfolgende Eingriff in die Ausbildungsfreiheit gerechtfertigt ist, w\u00e4re die Einf\u00fchrung einer faktischen Impfpflicht, wie an der&nbsp;<em>Indiana University<\/em>, an deutschen Hochschulen mangels Erforderlichkeit nicht mit Art. 2 Abs. 2 S. 1 GG (und auch nicht mit Art. 12 Abs. 1 GG) vereinbar.<\/p>\n\n\n\n<p>Die Darstellung \u00fcber die Vereinbarkeit mit der EMRK sowie der Charta der Grundrechte der EU folgt in einem Teil II kommende Woche hier auf dem Blog.<\/p>\n\n\n\n<p><\/p>\n\n\n\n<p>* Ass. iur. Karoline Dolgowski, Master II en droit (Lille-Warwick) ist wissenschaftliche Mitarbeiterin und Doktorandin am Lehrstuhl von Prof. Dr. Thomas Giegerich an der Universit\u00e4t des Saarlandes.<\/p>\n\n\n\n<hr class=\"wp-block-separator\"\/>\n\n\n\n<p><a href=\"applewebdata:\/\/86D229F0-29D3-4BFB-9869-34CD0C4732CE#_ednref1\"><sup>[i]<\/sup><\/a>&nbsp;<em>Simon R\u00f6sel<\/em>, Ende eines Pandemiesemesters: Was Corona vom Uni-Leben \u00fcbrig lie\u00df, FAZ 20.07.2021, verf\u00fcgbar unter: https:\/\/www.faz.net\/aktuell\/rhein-main\/frankfurt\/was-hat-corona-vom-uni-leben-uebrig-gelassen-17444645.html?printPagedArticle=true#pageIndex_2 (14.09.2021).&nbsp;<\/p>\n\n\n\n<p><a href=\"applewebdata:\/\/86D229F0-29D3-4BFB-9869-34CD0C4732CE#_ednref2\"><sup>[ii]<\/sup><\/a>&nbsp;&nbsp;<em>Sabrina Winter<\/em>, Pr\u00e4senzunterricht in Corona-Zeiten: &#8222;Man kann Kinder nicht f\u00fcnf Stunden frontal per Video unterrichten&#8220;, Zeit Online 22.11.2021, verf\u00fcgbar unter: https:\/\/www.zeit.de\/hamburg\/2020-11\/praesenzunterricht-corona-hamburg-grundschule-schueler-lehrer-gesundheit (14.09.2021).&nbsp;<\/p>\n\n\n\n<p><a href=\"applewebdata:\/\/86D229F0-29D3-4BFB-9869-34CD0C4732CE#_ednref3\"><sup>[iii]<\/sup><\/a>&nbsp;<em>Katharina Werner im Gespr\u00e4ch mit Regina Brinkmann, Christiane Habermalz<\/em>, Ifo-Studie zu Corona und Schule: Wie Sch\u00fclerinnen und Sch\u00fcler unter dem Lockdown leiden, Deutschlandfunk 20.04.2021, verf\u00fcgbar unter: https:\/\/www.deutschlandfunk.de\/ifo-studie-zu-corona-und-schule-wie-schuelerinnen-und.680.de.html?dram:article_id=495992 (14.09.2021).&nbsp;<\/p>\n\n\n\n<p><a href=\"applewebdata:\/\/86D229F0-29D3-4BFB-9869-34CD0C4732CE#_ednref4\"><sup>[iv]<\/sup><\/a>&nbsp;Hochschulrektorenkonferenz, Auswirkungen der COVID-19-Pandemie auf die deutschen Hochschulen \u2013 Aktuelle Hinweise und Nachrichten, Stand: 10.09.2021, verf\u00fcgbar unter: https:\/\/www.hrk.de\/themen\/hochschulsystem\/covid-19-pandemie-und-die-hochschulen\/ (14.09.2021).<\/p>\n\n\n\n<p><a href=\"applewebdata:\/\/86D229F0-29D3-4BFB-9869-34CD0C4732CE#_ednref5\"><sup>[v]<\/sup><\/a>&nbsp;Siehe hierzu bspw. Bundesministerium f\u00fcr Bildung und Forschung (BMBF), Studiensituation und studentische Orientierung: 12. Studierendensurvey an Universit\u00e4ten und Fachhochschulen, verf\u00fcgbar unter: https:\/\/www.bmbf.de\/SharedDocs\/Publikationen\/de\/bmbf\/pdf\/studiensituation-und-studentische-orientierungen-langfassung.pdf?__blob=publicationFile&amp;amp%3Bv=2 (14.09.2021).&nbsp;<\/p>\n\n\n\n<p><a href=\"applewebdata:\/\/86D229F0-29D3-4BFB-9869-34CD0C4732CE#_ednref6\"><sup>[vi]<\/sup><\/a>&nbsp;ZDF, Nach drei Corona-Semestern &#8211; Wie geht es an den Universit\u00e4ten weiter?, 25.07.2021, verf\u00fcgbar unter: https:\/\/www.zdf.de\/nachrichten\/panorama\/corona-universitaet-impfung-100.html; Universit\u00e4t Bremen, Informationen f\u00fcr Studierende und Studienanf\u00e4nger:innen &#8211; Universit\u00e4t Bremen setzt im Wintersemester auf Pr\u00e4senz, verf\u00fcgbar unter: https:\/\/www.uni-bremen.de\/informationen-zur-corona-pandemie\/fragen-antworten\/informationen-fuer-studierende-und-studienanfaengerinnen (Beide: 14.09.2021).&nbsp;<\/p>\n\n\n\n<p><a href=\"applewebdata:\/\/86D229F0-29D3-4BFB-9869-34CD0C4732CE#_ednref7\"><sup>[vii]<\/sup><\/a><em>&nbsp;Klaus Weber<\/em>, Creifelds kompakt, Rechtsw\u00f6rterbuch,4.&nbsp;Edition 2021, Stichwort: Impfzwang.<\/p>\n\n\n\n<p><a href=\"applewebdata:\/\/86D229F0-29D3-4BFB-9869-34CD0C4732CE#_ednref8\"><sup>[viii]<\/sup><\/a>&nbsp;Ibid.<\/p>\n\n\n\n<p><a href=\"applewebdata:\/\/86D229F0-29D3-4BFB-9869-34CD0C4732CE#_ednref9\"><sup>[ix]<\/sup><\/a>&nbsp;Ibid.<\/p>\n\n\n\n<p><a href=\"applewebdata:\/\/86D229F0-29D3-4BFB-9869-34CD0C4732CE#_ednref10\"><sup>[x]<\/sup><\/a>&nbsp;<em>Josh Moody<\/em>, Colleges Requiring a Coronavirus Vaccine for Fall, U.S. News 12.08.2021, verf\u00fcgbar unter:&nbsp;&nbsp;https:\/\/www.usnews.com\/education\/best-colleges\/articles\/colleges-requiring-a-coronavirus-vaccine-for-fall-what-to-know (14.09.2021).&nbsp;<\/p>\n\n\n\n<p><a href=\"applewebdata:\/\/86D229F0-29D3-4BFB-9869-34CD0C4732CE#_ednref11\"><sup>[xi]<\/sup><\/a>&nbsp;The Trustees of Indiana University, Beschluss vom 21.05.2021.<\/p>\n\n\n\n<p><a href=\"applewebdata:\/\/86D229F0-29D3-4BFB-9869-34CD0C4732CE#_ednref12\"><sup>[xii]<\/sup><\/a>&nbsp;United States District Court for the Northern District of Indiana South Bend Division, Urt. v. 18.07.2021,&nbsp;<em>Ryan Klaasen et. al. v. The Trustees of Indiana University<\/em>, Cause No. 1:21-CV-238; United States Court of Appeals for the Seventh Circuit, Urt. v. 02.08.2021,&nbsp;<em>Ryan Klaasen et. al. v. The Trustees of Indiana University,<\/em>&nbsp;Case No. 21A15.<\/p>\n\n\n\n<p><a href=\"applewebdata:\/\/86D229F0-29D3-4BFB-9869-34CD0C4732CE#_ednref13\"><sup>[xiii]<\/sup><\/a>&nbsp;Supreme Court of the United Staates, Beschl. v. 12.08.2021,&nbsp;<em>Klaassen v. Trustees of Indiana University<\/em>, Case No. (21-2326)&nbsp;<\/p>\n\n\n\n<p><a href=\"applewebdata:\/\/86D229F0-29D3-4BFB-9869-34CD0C4732CE#_ednref14\"><sup>[xiv]<\/sup><\/a>&nbsp;<em>Amy Howe<\/em>, Barrett leaves Indiana University\u2019s vaccine mandate in place, SCOTUSblog 12.08.2021, verf\u00fcgbar unter: https:\/\/www.scotusblog.com\/2021\/08\/barrett-leaves-indiana-universitys-vaccine-mandate-in-place\/;&nbsp;<em>Adam Liptak<\/em>, The Supreme Court won\u2019t block Indiana University\u2019s vaccine mandate., The New York Times 12.08.2021, verf\u00fcgbar unter: https:\/\/www.nytimes.com\/2021\/08\/12\/us\/supreme-court-indiana-university-covid-vaccine-mandate.html (Beide: 14.09.2021).&nbsp;<\/p>\n\n\n\n<p><a href=\"applewebdata:\/\/86D229F0-29D3-4BFB-9869-34CD0C4732CE#_ednref15\"><sup>[xv]<\/sup><\/a>&nbsp;Forschung &amp; Lehre, Minister dr\u00e4ngen auf Pr\u00e4senzsemester mit 3G-Regel, 12.08.2021, verf\u00fcgbar unter: https:\/\/www.forschung-und-lehre.de\/lehre\/minister-draengen-auf-praesenzsemester-mit-3g-regel-3927\/ (14.09.2021).<\/p>\n\n\n\n<p><a href=\"applewebdata:\/\/86D229F0-29D3-4BFB-9869-34CD0C4732CE#_ednref16\"><sup>[xvi]<\/sup><\/a>&nbsp;Christine Leitner, Von 3G bis 1G: So planen \u00f6sterreichische Universit\u00e4ten das bevorstehende Semester, Stern 01.09.2021, verf\u00fcgbar unter: https:\/\/www.stern.de\/gesundheit\/von-3g-bis-1g&#8211;so-wird-das-wintersemester-an-oesterreichischen-unis-30698220.html (14.09.2021).&nbsp;<\/p>\n\n\n\n<p><a href=\"applewebdata:\/\/86D229F0-29D3-4BFB-9869-34CD0C4732CE#_ednref17\"><sup>[xvii]<\/sup><\/a>&nbsp;Universit\u00e4t Bremen, Informationen f\u00fcr Studierende und Studienanf\u00e4nger:innen &#8211;&nbsp;<\/p>\n\n\n\n<p>Universit\u00e4t Bremen setzt im Wintersemester auf Pr\u00e4senz, verf\u00fcgbar unter: https:\/\/www.uni-bremen.de\/informationen-zur-corona-pandemie\/fragen-antworten\/informationen-fuer-studierende-und-studienanfaengerinnen (14.09.2021).&nbsp;<\/p>\n\n\n\n<p><a href=\"applewebdata:\/\/86D229F0-29D3-4BFB-9869-34CD0C4732CE#_ednref18\"><sup>[xviii]<\/sup><\/a>&nbsp;Die Bundesregierung, Die wichtigsten Fragen und Antworten zu Corona-Tests, verf\u00fcgbar unter: https:\/\/www.bundesregierung.de\/breg-de\/suche\/corona-tests-faq-1872540 (14.09.2021).&nbsp;<\/p>\n\n\n\n<p><a href=\"applewebdata:\/\/86D229F0-29D3-4BFB-9869-34CD0C4732CE#_ednref19\"><sup>[xix]<\/sup><\/a>&nbsp;&nbsp;<em>Marvin Kalies, Lucas Grothe<\/em>, Wieso m\u00fcssen Geimpfte keine Coronatests mehr machen?, MDR 06.09.2021, verf\u00fcgbar unter: https:\/\/www.mdr.de\/nachrichten\/deutschland\/panorama\/coronatests-kosten-geimpfte-100.html (14.09.2021).&nbsp;<\/p>\n\n\n\n<p><a href=\"applewebdata:\/\/86D229F0-29D3-4BFB-9869-34CD0C4732CE#_ednref20\"><sup>[xx]<\/sup><\/a>BR24, So teuer werden die kostenpflichtigen Corona-Tests, 08.09.2021, verf\u00fcgbar unter: https:\/\/www.br.de\/nachrichten\/bayern\/kostenpflichtige-corona-tests-preis-ist-vorerst-schaetzsache,SiDB2P3 (14.09.2021).&nbsp;<\/p>\n\n\n\n<p><a href=\"applewebdata:\/\/86D229F0-29D3-4BFB-9869-34CD0C4732CE#_ednref21\"><sup>[xxi]<\/sup><\/a>&nbsp;<em>Udo<\/em>&nbsp;<em>Di Fabio<\/em>, in: Maunz\/D\u00fcrig, Grundgesetz-Kommentar, Werkstand: 94. EL Januar 2021, Art. 2 Rn. 69.&nbsp;<\/p>\n\n\n\n<p><a href=\"applewebdata:\/\/86D229F0-29D3-4BFB-9869-34CD0C4732CE#_ednref22\"><sup>[xxii]<\/sup><\/a>&nbsp;Robert Koch Institut, COVID-19 Impfung: Sicherheit, Stand: 25.08.2021, verf\u00fcgbar unter: https:\/\/www.rki.de\/SharedDocs\/FAQ\/COVID-Impfen\/FAQ_Liste_Sicherheit.html (14.09.2021).&nbsp;<\/p>\n\n\n\n<p><a href=\"applewebdata:\/\/86D229F0-29D3-4BFB-9869-34CD0C4732CE#_ednref23\"><sup>[xxiii]<\/sup><\/a>&nbsp;<em>Jarass<\/em>, in: Jarass\/Pieroth, Grundgesetz f\u00fcr die Bundesrepublik Deutschland, 16. Auflage 2020, Art. 2, Rn. 83.<\/p>\n\n\n\n<p><a href=\"applewebdata:\/\/86D229F0-29D3-4BFB-9869-34CD0C4732CE#_ednref24\"><sup>[xxiv]<\/sup><\/a>&nbsp;<em>Udo Di Fabio<\/em>, in: Maunz\/D\u00fcrig, Grundgesetz-Kommentar, Werkstand: 94. EL Januar 2021, Art. 2 Rn. 69.<\/p>\n\n\n\n<p><a href=\"applewebdata:\/\/86D229F0-29D3-4BFB-9869-34CD0C4732CE#_ednref25\"><sup>[xxv]<\/sup><\/a>&nbsp;Scholz, Maunz\/D\u00fcrig, Grundgesetz-Kommentar, Werkstand: 94. EL Januar 2021, Art. 12, Rn. 183. Die \u201dLernfreiheit\u201d der Studierenden ist nach h.M. hingegen nicht vom Schutzbereich des Art. 5 Abs. 3 GG umfasst, vgl. Jarass, in: Jarass\/Pieroth, Grundgesetz f\u00fcr die Bundesrepublik Deutschland, 16. Auflage 2020, Art. 5, Rn. 140<\/p>\n\n\n\n<p><a href=\"applewebdata:\/\/86D229F0-29D3-4BFB-9869-34CD0C4732CE#_ednref26\"><sup>[xxvi]<\/sup><\/a>&nbsp;G\u00e4rditz, in: Maunz\/D\u00fcrig, Grundgesetz-Kommentar, Werkstand: 94. EL Januar 2021, Art. 5 Abs. 3, Rn. 122.<\/p>\n\n\n\n<p><a href=\"applewebdata:\/\/86D229F0-29D3-4BFB-9869-34CD0C4732CE#_ednref27\"><sup>[xxvii]<\/sup><\/a>&nbsp;So auch bzgl. Masernimpfung:&nbsp;<em>Komp\/Thrun<\/em>: Impfzwang als verfassungsrechtlich zul\u00e4ssiges Mittel gegen Masern?, JA 2020, 195 (201); vgl. zu Gef\u00e4hrdung als Eingriff: BVerfGE 115, 118 (140) = NJW 2006, 751 (753).<\/p>\n\n\n\n<p><a href=\"applewebdata:\/\/86D229F0-29D3-4BFB-9869-34CD0C4732CE#_ednref28\"><sup>[xxviii]<\/sup><\/a>&nbsp;BVerfGE 22, 180\/219;&nbsp;<em>Jarass<\/em>, in: Jarass\/Pieroth, Grundgesetz f\u00fcr die Bundesrepublik Deutschland, 16. Auflage 2020, Art. 2 Rn. 95.<\/p>\n\n\n\n<p><a href=\"applewebdata:\/\/86D229F0-29D3-4BFB-9869-34CD0C4732CE#_ednref29\"><sup>[xxix]<\/sup><\/a>&nbsp;BVerfGE 16, 194\/202; 17, 108\/117; 51, 324\/346;&nbsp;<em>Jarass<\/em>, in: Jarass\/Pieroth, Grundgesetz f\u00fcr die Bundesrepublik Deutschland, 16. Auflage 2020, Art. 2 Rn. 96.&nbsp;<\/p>\n\n\n\n<p><a href=\"applewebdata:\/\/86D229F0-29D3-4BFB-9869-34CD0C4732CE#_ednref30\"><sup>[xxx]<\/sup><\/a>&nbsp;BVerfGE 90, 145 (173); so auch bzgl. Masernimpfung&nbsp;<em>Komp\/Thrun<\/em>: Impfzwang als verfassungsrechtlich zul\u00e4ssiges Mittel gegen Masern?, JA 2020, 195 (198).&nbsp;<\/p>\n\n\n\n<p><a href=\"applewebdata:\/\/86D229F0-29D3-4BFB-9869-34CD0C4732CE#_ednref31\"><sup>[xxxi]<\/sup><\/a>&nbsp;Robert Koch Institut, COVID-19 Impfung: Wirksamkeit, Stand: 02.09.2021, verf\u00fcgbar unter: https:\/\/www.rki.de\/SharedDocs\/FAQ\/COVID-Impfen\/FAQ_Liste_Wirksamkeit.html (14.09.2021).&nbsp;<\/p>\n\n\n\n<p><a href=\"applewebdata:\/\/86D229F0-29D3-4BFB-9869-34CD0C4732CE#_ednref32\"><sup>[xxxii]<\/sup><\/a>&nbsp;Sie bspw. die anhaltenden Proteste gegen die Impfpflicht im Gesundheitswesen in Frankreich: tagesschau, Impfpflicht und Gesundheitspass: Zehntausende Franzosen auf den Stra\u00dfen, 07.08.2021, verf\u00fcgbar unter: https:\/\/www.tagesschau.de\/ausland\/europa\/frankreich-proteste-gesundheitspass-101.html (14.09.2021).&nbsp;<\/p>\n\n\n\n<p><a href=\"applewebdata:\/\/86D229F0-29D3-4BFB-9869-34CD0C4732CE#_ednref33\"><sup>[xxxiii]<\/sup><\/a>&nbsp;So auch bzgl. Masernimpfung:&nbsp;<em>Komp\/Thrun<\/em>: Impfzwang als verfassungsrechtlich zul\u00e4ssiges Mittel gegen Masern?, JA 2020, 195 (199).<\/p>\n\n\n\n<p><a href=\"applewebdata:\/\/86D229F0-29D3-4BFB-9869-34CD0C4732CE#_ednref34\"><sup>[xxxiv]<\/sup><\/a>&nbsp;<em>Sneha Dey<\/em>, From Free Pizza To Free Tuition, Colleges Try Everything To Get Students Vaccinated, npr 12.08.2021, verf\u00fcgbar unter: https:\/\/www.npr.org\/2021\/08\/12\/1017878369\/college-incentives-increase-student-vaccine-rates?t=1631180963070; https:\/\/www.zdf.de\/nachrichten\/politik\/corona-impfung-bereitschaft-akzeptanz-100.html;&nbsp;<em>Mathias Krisam<\/em>, Wie man die Impfquote erh\u00f6hen kann, Deutschlandfunk 11.08.2021, verf\u00fcgbar unter: https:\/\/www.deutschlandfunk.de\/pflicht-aufklaerung-anreize-wie-man-die-impfquote-erhoehen.2897.de.html?dram:article_id=500990 (14.09.2021).&nbsp;<\/p>\n\n\n\n<p><a href=\"applewebdata:\/\/86D229F0-29D3-4BFB-9869-34CD0C4732CE#_ednref35\"><sup>[xxxv]<\/sup><\/a>&nbsp;<em>J\u00f6rg Wimalasena<\/em>, Stoff ist da, nur die Einsicht fehlt, Zeit Online 08.07.2021, verf\u00fcgbar unter: https:\/\/www.zeit.de\/politik\/ausland\/2021-07\/us-impfkampagne-joe-biden-corona-impfstau-anreize-bereitschaft (14.09.2021).&nbsp;<\/p>\n\n\n\n<p><a href=\"applewebdata:\/\/86D229F0-29D3-4BFB-9869-34CD0C4732CE#_ednref36\"><sup>[xxxvi]<\/sup><\/a>&nbsp;<em>Aleksandar Kecojevic, Corey H. Basch, Marianne Sullivan, Yen-Tyng Chen,Nicole K. Davi<\/em>, COVID-19 Vaccination and Intention to Vaccinate Among a Sample of College Students in New Jersey, Nature Public Health Emergency Collection, 27.04.2021, 1 -10, verf\u00fcgbar unter: https:\/\/www.ncbi.nlm.nih.gov\/pmc\/articles\/PMC8077859\/ (14.09.2021).&nbsp;<\/p>\n\n\n\n<p><a href=\"applewebdata:\/\/86D229F0-29D3-4BFB-9869-34CD0C4732CE#_ednref37\"><sup>[xxxvii]<\/sup><\/a>&nbsp;<em>Sneha Dey<\/em>&nbsp;(fn.&nbsp;29).&nbsp;<\/p>\n\n\n\n<p><a href=\"applewebdata:\/\/86D229F0-29D3-4BFB-9869-34CD0C4732CE#_ednref38\"><sup>[xxxviii]<\/sup><\/a>&nbsp;Wie hoch die Impfquote bei Covid-19, der neuen Coronavirus-Infektion, sein muss, um die Herdenimmunit\u00e4t zu erreichen, ist noch nicht abschlie\u00dfend erforscht. Angesichts der Virus-Mutationen gehen Wissenschaftler momentan davon aus, dass f\u00fcr eine Herdenimmunit\u00e4t eher eine Durchimpfungsrate mindestens&nbsp;&nbsp;85 % der 12 \u2013 59-J\u00e4hrigen bzw. 90 % der \u2265 60-J\u00e4hrigen ben\u00f6tigt wird, vgl. etwa:&nbsp;<em>Robert Koch Institut<\/em>, Epidemiologischer Bulletin, 27\/2021, 08.07.2021, S. 3, verf\u00fcgbar unter: https:\/\/www.rki.de\/DE\/Content\/Infekt\/EpidBull\/Archiv\/2021\/Ausgaben\/27_21.pdf?__blob=publicationFile (14.09.2021).&nbsp;<\/p>\n\n\n\n<p><a href=\"applewebdata:\/\/86D229F0-29D3-4BFB-9869-34CD0C4732CE#_ednref39\"><sup>[xxxix]<\/sup><\/a>&nbsp;Informationsdienst Wissenschaft, Nachrichten, Hohe Impfbereitschaft unter Studierenden, 10.09.2021, verf\u00fcgbar unter: https:\/\/nachrichten.idw-online.de\/2021\/08\/10\/hohe-impfbereitschaft-unter-studierenden\/ (14.09.2021).&nbsp;<\/p>\n\n\n\n<p><a href=\"applewebdata:\/\/86D229F0-29D3-4BFB-9869-34CD0C4732CE#_ednref40\"><sup>[xl]<\/sup><\/a>&nbsp;Eberhard Karls Universit\u00e4t T\u00fcbingen, Pressemittelung, Hohe Impfbereitschaft unter Studierenden, 10.08.2021, verf\u00fcgbar unter: https:\/\/uni-tuebingen.de\/universitaet\/aktuelles-und-publikationen\/pressemitteilungen\/newsfullview-pressemitteilungen\/article\/hohe-impfbereitschaft-unter-studierenden\/ (14.09.2021).&nbsp;<\/p>\n\n\n\n<p><a href=\"applewebdata:\/\/86D229F0-29D3-4BFB-9869-34CD0C4732CE#_ednref41\"><sup>[xli]<\/sup><\/a>\u00a0<em>Christina Selzer<\/em>, Universit\u00e4t Bremen, Hohe Impfquote bei Studierenden, 16.08.2021, verf\u00fcgbar unter: https:\/\/www.uni-bremen.de\/universitaet\/hochschulkommunikation-und-marketing\/aktuelle-meldungen\/detailansicht\/hohe-impfquote-bei-studierenden-der-universitaet-bremen (14.09.2021).\u00a0<\/p>\n\n\n\n<p><strong>Suggested Citation:<\/strong> <em>Dolgowski, Karoline<\/em>, \u201eDas Virus ist kein Studienanf\u00e4nger mehr\u201c: Rechtfertigt der Wunsch nach R\u00fcckkehr zum Pr\u00e4senzbetrieb an den Universit\u00e4ten eine Impfpflicht? &#8211; Teil I, jean-monnet-saar 2021, DOI: <a href=\"https:\/\/intr2dok.vifa-recht.de\/receive\/mir_mods_00012575?q=das%20virus%20ist%20kein\">10.17176\/20220426-094239-0<\/a><\/p>\n","protected":false},"excerpt":{"rendered":"<p>01.10.2021 Ein Beitrag von Karoline Dolgowski* \u201eDas Virus ist kein Studienanf\u00e4nger mehr\u201c, schrieb&nbsp;Simon R\u00f6sel&nbsp;k\u00fcrzlich in der FAZ und sprach damit einen wunden Punkt an.[i]&nbsp;F\u00fcr die<\/p>\n","protected":false},"author":16,"featured_media":0,"parent":0,"menu_order":0,"comment_status":"closed","ping_status":"closed","template":"","meta":{"footnotes":""},"class_list":["post-103910","page","type-page","status-publish","hentry"],"_links":{"self":[{"href":"https:\/\/jean-monnet-saar.eu\/index.php?rest_route=\/wp\/v2\/pages\/103910","targetHints":{"allow":["GET"]}}],"collection":[{"href":"https:\/\/jean-monnet-saar.eu\/index.php?rest_route=\/wp\/v2\/pages"}],"about":[{"href":"https:\/\/jean-monnet-saar.eu\/index.php?rest_route=\/wp\/v2\/types\/page"}],"author":[{"embeddable":true,"href":"https:\/\/jean-monnet-saar.eu\/index.php?rest_route=\/wp\/v2\/users\/16"}],"replies":[{"embeddable":true,"href":"https:\/\/jean-monnet-saar.eu\/index.php?rest_route=%2Fwp%2Fv2%2Fcomments&post=103910"}],"version-history":[{"count":0,"href":"https:\/\/jean-monnet-saar.eu\/index.php?rest_route=\/wp\/v2\/pages\/103910\/revisions"}],"wp:attachment":[{"href":"https:\/\/jean-monnet-saar.eu\/index.php?rest_route=%2Fwp%2Fv2%2Fmedia&parent=103910"}],"curies":[{"name":"wp","href":"https:\/\/api.w.org\/{rel}","templated":true}]}}