{"id":158289,"date":"2022-03-09T12:01:12","date_gmt":"2022-03-09T11:01:12","guid":{"rendered":"https:\/\/jean-monnet-saar.eu\/?page_id=158289"},"modified":"2022-03-09T12:14:59","modified_gmt":"2022-03-09T11:14:59","slug":"die-tuerkei-und-der-europarat-ein-sich-zuspitzender-konflikt","status":"publish","type":"page","link":"https:\/\/jean-monnet-saar.eu\/?page_id=158289","title":{"rendered":"Die T\u00fcrkei und der Europarat \u2013 ein sich zuspitzender Konflikt?"},"content":{"rendered":"\n<p>09.03.2022<\/p>\n\n\n\n<p>Ein Beitrag von Miriam Schmitt*<\/p>\n\n\n\n<p>Anfang Dezember leitete das Ministerkomitee des Europarats gem\u00e4\u00df Art. 46 Abs. 4 EMRK ein Vertragsverletzungsverfahren gegen die T\u00fcrkei ein.<a href=\"https:\/\/jean-monnet-saar.eu\/?p=158248#_ftn1\">[1]<\/a>&nbsp;Hintergrund dieses Verfahrens ist der Umstand, dass die T\u00fcrkei entgegen einem Urteil des Europ\u00e4ischen Gerichtshofs f\u00fcr Menschenrechte<a href=\"https:\/\/jean-monnet-saar.eu\/?p=158248#_ftn2\">[2]<\/a>&nbsp;den Menschenrechtsaktivisten Osman Kavala weiterhin in Untersuchungshaft h\u00e4lt.<a href=\"https:\/\/jean-monnet-saar.eu\/?p=158248#_ftn3\">[3]<\/a><\/p>\n\n\n\n<p>Das Ministerkomitee besteht gem. Art. 14 S. 1 Satzung des Europarates<a href=\"https:\/\/jean-monnet-saar.eu\/?p=158248#_ftn4\">[4]<\/a>&nbsp;aus den Au\u00dfenministern der 47 Vertragsstaaten. Es stimmte am 02.12.2021 in einer Interim Resolution f\u00fcr das Verfahren.<a href=\"https:\/\/jean-monnet-saar.eu\/?p=158248#_ftn5\">[5]<\/a>&nbsp;Dazu war eine Zwei-Drittel-Mehrheit im Gremium erforderlich. Bis zuletzt war fraglich, ob es der T\u00fcrkei gelingen w\u00fcrde, genug Staaten davon zu \u00fcberzeugen, gegen das Verfahren zu stimmen.<a href=\"https:\/\/jean-monnet-saar.eu\/?p=158248#_ftn6\">[6]<\/a><\/p>\n\n\n\n<p>Das Vertragsverletzungsverfahren wurde 2010 eingef\u00fchrt durch Art. 16 des Protokolls 14 zur EMRK. Es beruht auf einer Resolution der Parlamentarischen Versammlung des Europarates (1226(2000), welche in der Recommendation 1477(2000) weiterverfolgt wurde.<a href=\"https:\/\/jean-monnet-saar.eu\/?p=158248#_ftn7\">[7]<\/a>&nbsp;Das Verfahren nach Art. 46 Abs. 4 EMRK wurde bisher nur einmal aktiviert \u2013 gegen Aserbaidschan.<a href=\"https:\/\/jean-monnet-saar.eu\/?p=158248#_ftn8\">[8]<\/a>&nbsp;Im Fall Ilgar Mammadov v. Azerbaijan hatte der EGMR 2014 entschieden, dass die Inhaftierung von Mammadov eine Verletzung von Art. 5 Abs. 1 lit. c, Abs. 4, Art. 6 Abs. 2 und Art. 18 i.V.m. Art. 5 EMRK darstellte, weil die Inhaftierung von Mammadov ohne hinreichenden Verdacht erfolgt sei und in Wahrheit dazu gedient habe, ihn als Kritiker der Regierung zum Schweigen zu bringen.<a href=\"https:\/\/jean-monnet-saar.eu\/?p=158248#_ftn9\">[9]<\/a>&nbsp;Aserbeidschan lie\u00df Mammadov jedoch nicht umgehend frei, wozu es nach Art. 46 Abs. 1 EMRK verpflichtet gewesen w\u00e4re. Das gem\u00e4\u00df Art. 46 Abs. 2 EMRK f\u00fcr die \u00dcberwachung der Durchf\u00fchrung dieses Urteil zust\u00e4ndige Ministerkomitee versuchte drei Jahre vergeblich, Aserbeidschan zur Erf\u00fcllung seiner Verpflichtung zu veranlassen. Schlie\u00dflich brachte das Ministerkomitee den Fall Ende 2017 nach Art. 46 Abs. 4 EMRK erneut vor den EGMR. Dieser verurteilte Aserbeidschan einstimmig antragsgem\u00e4\u00df wegen Verletzung von Art. 46 Abs. 1 EMRK.<a href=\"https:\/\/jean-monnet-saar.eu\/?p=158248#_ftn10\">[10]<\/a>&nbsp;Das \u00dcberwachungsverfahren des Ministerkomitees &nbsp;wurde schlie\u00dflich eingestellt, nachdem Aserbaidschan Mammadov aus der Haft entlassen und eine Entsch\u00e4digung f\u00fcr die unrechtm\u00e4\u00dfige Festnahme und Inhaftierung gew\u00e4hrt hatte.<a href=\"https:\/\/jean-monnet-saar.eu\/?p=158248#_ftn11\">[11]<\/a><\/p>\n\n\n\n<p>Im \u00e4hnlich gelagerten Fall Kavala weigert die T\u00fcrkei sich, entgegen dem Urteil des EGMR vom 10. Dezember 2019 den Menschenrechtsaktivisten Osman Kavala freizulassen. Er war unter dem Vorwurf seit 18.10.2017 in Untersuchungshaft, im Zusammenhang mit den Gezi-Protesten versucht zu haben, gewaltsam die Regierung zu st\u00fcrzen, was einen Versto\u00df gegen Art. 312 t\u00fcrkisches Strafgesetzbuch (tStGB) darstellt. Der EGMR sah in dieser Inhaftierung eine Verletzung von Art. 5 Abs. 1 EMRK, da die t\u00fcrkischen Beh\u00f6rden nicht substantiiert darlegen konnten, auf welche Beweise sie diese Anschuldigungen st\u00fctzen.<a href=\"https:\/\/jean-monnet-saar.eu\/?p=158248#_ftn12\">[12]<\/a>&nbsp;Zudem stellte das Gericht eine Verletzung von Art. 5 Abs. 4 EMRK fest, da Kavala insgesamt mehr als ein Jahr und sieben Monate in Untersuchungshaft gehalten wurde, bevor das t\u00fcrkische Verfassungsgericht \u00fcber seine Beschwerde entschied.<a href=\"https:\/\/jean-monnet-saar.eu\/?p=158248#_ftn13\">[13]<\/a>&nbsp;Zudem stellte der EGMR fest, dass die U-Haft als politisch motiviert einzuordnen sei, was einen Versto\u00df gegen Art. 18 EMRK&nbsp; i.V.m. Art. 5 Abs. 1 EMRK begr\u00fcnde, da die Haft mangels Beweisen einer Straftat dem versteckten Ziel diene, Kavala als Menschenrechtsaktivist zum Schweigen zu bringen. Der EGMR ordnete dieses Mal, anders als im Fall Mammadov, sogar ausdr\u00fccklich im Urteilstenor die sofortige Freilassung Kavalas an,<a href=\"https:\/\/jean-monnet-saar.eu\/?p=158248#_ftn14\">[14]<\/a>&nbsp;was es nur in Ausnahmef\u00e4llen tut.<a href=\"https:\/\/jean-monnet-saar.eu\/?p=158248#_ftn15\">[15]<\/a><a href=\"https:\/\/jean-monnet-saar.eu\/?p=158248#_ftn16\">[16]<\/a>&nbsp;Dann ist aber auch diese Anordnung gem\u00e4\u00df Art. 46 Abs. 1 EMRK verbindlich.<\/p>\n\n\n\n<p>Dennoch ist ihr die T\u00fcrkei nicht nachgekommen, sondern h\u00e4lt Kavala jetzt aufgrund neuer Vorw\u00fcrfe weiter in Untersuchungshaft.<a href=\"https:\/\/jean-monnet-saar.eu\/?p=158248#_ftn17\">[17]<\/a>&nbsp;&nbsp;<\/p>\n\n\n\n<p>Ein rechtskr\u00e4ftiges Urteil gegen Kavala ist bisher nicht ergangen.<a href=\"https:\/\/jean-monnet-saar.eu\/?p=158248#_ftn18\">[18]<\/a><\/p>\n\n\n\n<p>Das im Dezember 2021 gegen die T\u00fcrkei eingeleitete Vertragsverletzungsverfahren gem\u00e4\u00df Art. 46 Abs. 4 EMRK dient der Durchsetzung der EGMR-Anordnung zur Freilassung von Kavala.<\/p>\n\n\n\n<p>Das Verfahren ist mehrstufig aufgebaut: Zun\u00e4chst wurde die T\u00fcrkei formell \u00fcber die Entwicklung benachrichtigt, und ihr wurde Gelegenheit gegeben bis zum 19.02.2021 Stellung zu beziehen.<a href=\"https:\/\/jean-monnet-saar.eu\/?p=158248#_ftn19\">[19]<\/a><\/p>\n\n\n\n<p>In dieser Stellungnahme argumentierte die T\u00fcrkei, dass sie die Voraussetzungen des Art. 46 Abs. 1 EMRK erf\u00fcllt und dem Urteil des EGMR Folge geleistet habe. Die T\u00fcrkei machte geltend, dass die Haft bez\u00fcglich der Anschuldigung der Verletzung von Art. 309 tStGB am 20.&nbsp;M\u00e4rz 2020 beendet worden sei.<a href=\"https:\/\/jean-monnet-saar.eu\/?p=158248#_ftn20\">[20]<\/a>&nbsp;Zudem sei Kavala am 18. Februar 2020 von den Anschuldigungen der Verletzung von Art. 312 tStGB freigesprochen.<a href=\"https:\/\/jean-monnet-saar.eu\/?p=158248#_ftn21\">[21]<\/a>&nbsp;Der Umstand, dass sich Kavala jedoch nach wie vor in U-Haft befinde, wird mit einer neuen Anschuldigung erkl\u00e4rt, \u00fcber deren Rechtm\u00e4\u00dfigkeit der EGMR zum jetzigen Stand noch nicht entschieden habe: Kavala werde nunmehr vorgeworfen, politische oder milit\u00e4rische Spionage i.S.d. Art.&nbsp;328 tStGB begangen zu haben. Aufgrund dieser Anschuldigungen sei er seit dem 9. M\u00e4rz 2020 in erneuter U-Haft im Gef\u00e4ngnis von Silivri.<a href=\"https:\/\/jean-monnet-saar.eu\/?p=158248#_ftn22\">[22]<\/a><\/p>\n\n\n\n<p>Das Ministerkomitee hat trotz dieser Stellungnahme am 02.02.2022 in einer Interim Resolution bei seinem 1432. Treffen der T\u00fcrkei formal mitgeteilt, den Fall erneut an den EGMR weiterzuleiten, der EGMR erhielt das f\u00f6rmliche Ersuchen des Ministerkomitees am 21. Februar 2022.<a href=\"https:\/\/jean-monnet-saar.eu\/?p=158248#_ftn23\">[23]<\/a>&nbsp;Dieser muss nun pr\u00fcfen, ob tats\u00e4chlich eine Verletzung von Art. 46 Abs. 1 EMRK gegeben ist. Insbesondere hat der EGMR zu pr\u00fcfen, ob ein \u201eAustauschen\u201c der Anschuldigungen ausreicht, um von einer Befolgung des Urteils trotz weiterer U-Haft ausgehen zu k\u00f6nnen. Es bleibt abzuwarten, ob der EGMR dieser Argumentation der T\u00fcrkei folgen wird. Eine solche Auslegung birgt das Risiko, andere Staaten zu motivieren, in gleich gelagerten F\u00e4llen ebenfalls Haftgr\u00fcnde auszutauschen und so die Person weiterhin in Untersuchungshaft zu halten, ohne gegen Art. 46 Abs. 1 EMRK zu versto\u00dfen. Ein solches Austauschen der Gr\u00fcnde k\u00f6nnte so oft fortgesetzt werden, wie der Staat die jeweilige Untersuchungshaft aufrechterhalten will. Die Folge w\u00e4re, dass jedes Mal ein erneutes Individualbeschwerdeverfahren nach Art. 34 EMRK durchgef\u00fchrt werden m\u00fcsste, das viel Zeit in Anspruch nehmen w\u00fcrde. Eine solche Auslegung w\u00fcrde daher dem Sinn und Zweck der Garantien der EMRK widersprechen. Der EGMR wird sie jedenfalls dann nicht bef\u00fcrworten, wenn sich herausstellt, dass auch die neuen Vorw\u00fcrfe entgegen Art. 18 EMRK missbr\u00e4uchlich sind.<\/p>\n\n\n\n<p>Sollte der EGMR wegen der Nichtumsetzung des Kavala-Urteils einen Versto\u00df der T\u00fcrkei gegen Art. 46 Abs. 1 EMRK feststellen, m\u00fcsste das Ministerkomitee, an den die Rechtssache dann nach Art. 46 Abs. 5 EMRK zur Pr\u00fcfung der zu treffenden Ma\u00dfnahmen zur\u00fcckverwiesen wird, \u00fcber weitere Schritte entscheiden.<a href=\"https:\/\/jean-monnet-saar.eu\/?p=158248#_ftn24\">[24]<\/a><\/p>\n\n\n\n<p>In der EMRK selbst sind m\u00f6gliche weiteren Schritte nicht festgeschrieben. M\u00f6glichkeiten ergeben sich jedoch aus Art. 8 der Satzung des Europarats: \u201eJedem Mitglied des Europarates, das sich einer schweren Verletzung der Bestimmungen des Artikels 3 schuldig macht, kann sein Recht auf Vertretung vorl\u00e4ufig entzogen und es kann von dem Ministerkomitee aufgefordert werden, gem\u00e4\u00df den in Artikel 7 vorgesehenen Bestimmungen seinen Austritt zu erkl\u00e4ren. Kommt es dieser Aufforderung nicht nach, so kann das Komitee beschlie\u00dfen, da\u00df das Mitglied von einem vom Komitee bestimmten Zeitpunkt an dem Rat nicht mehr angeh\u00f6rt.\u201c<a href=\"https:\/\/jean-monnet-saar.eu\/?p=158248#_ftn25\">[25]<\/a><\/p>\n\n\n\n<p>Es geht mit anderen Worten um die Suspendierung der Vertretungsrechte im Ministerkomitee und in der Parlamentarischen Versammlung<a href=\"https:\/\/jean-monnet-saar.eu\/?p=158248#_ftn26\">[26]<\/a>&nbsp;und letzten Endes um den Ausschluss aus dem Europarat.<\/p>\n\n\n\n<p>Art. 3 der Satzung des Europarates bestimmt unter anderem, dass jedes Mitglied \u201eden Grundsatz der Vorherrschaft des Rechts\u201c anerkennt.<a href=\"https:\/\/jean-monnet-saar.eu\/?p=158248#_ftn27\">[27]<\/a>&nbsp;W\u00fcrde festgestellt werden, dass die T\u00fcrkei Art. 46 Abs. 1 EMRK verletzt hat und sie sich weiterhin beharrlich weigert, Kavala aus der Haft zu entlassen, w\u00fcrde sie damit die Verbindlichkeit der Urteile des EGMR missachten. Das k\u00f6nnte man sehr gut als eine Verletzung von Art. 3 der Satzung einstufen, womit die Voraussetzungen des Art. 8 der Satzung des Europarates gegeben w\u00e4ren.<\/p>\n\n\n\n<p>Allerdings hat es einen solchen Ausschluss in der Geschichte des Europarates bisher nicht gegeben. Erwogen wurde ein Ausschluss in den sechziger Jahren gegen Griechenland. Zwar wurden Griechenland schwerste Menschenrechtsverletzungen vorgeworfen, zu einem Ausschlussverfahren kam es jedoch nicht, da Griechenland diesem durch eine Austrittserkl\u00e4rung 1969 zuvorkam (1974 erneutes Beitreten seitens Griechenlands zum Europarat).<a href=\"https:\/\/jean-monnet-saar.eu\/?p=158248#_ftn28\">[28]<\/a>&nbsp;Momentan steht der Europarat vor der Frage, ob die Russische F\u00f6deration wegen ihres Angriffskrieges gegen die Ukraine \u2013 ein anderes Mitglied des Europarates \u2013 ausgeschlossen werden sollte.<\/p>\n\n\n\n<p>Ankara kritisiert das Verfahren und forderte den Europarat auf, weitere Schritte zu unterlassen, die als \u201eEinmischung in die unabh\u00e4ngige Justiz\u201c gewertet werden.<a href=\"https:\/\/jean-monnet-saar.eu\/?p=158248#_ftn29\">[29]<\/a>&nbsp;Die Konventionsstaaten bleiben jedoch daf\u00fcr verantwortlich, dass ihre Gerichte die sie betreffenden Verpflichtungen aus der EMRK einhalten, einschlie\u00dflich derjenigen, die sich aus Art. 46 EMRK ergeben.<\/p>\n\n\n\n<p>Es ist aber fraglich, ob das Ministerkomitee wirklich ein Ausschlussverfahren nach Art. 8 der Satzung des Europarates gegen die T\u00fcrkei einleiten wird. Zweifel an der Sinnhaftigkeit eines solchen Vorgehens kommen insbesondere dann auf, wenn man es aus Sicht der Menschenrechte betrachtet: Denn nach Art. 58 Abs. 3 EMRK scheidet eine Vertragspartei, deren Mitgliedschaft im Europarat endet, automatisch auch aus der Konvention aus.<\/p>\n\n\n\n<p>Um eine Einhaltung der EMRK durch die T\u00fcrkei weiter zu gew\u00e4hrleisten, kann es daher nur sinnvoll sein, sie im Europarat zu belassen. Allenfalls w\u00e4re eine Suspendierung ihrer Vertretungsrechte als eine Art Warnschuss zu erw\u00e4gen.<\/p>\n\n\n\n<p>*Miriam Schmitt ist studentische Hilfskraft am Lehrstuhl f\u00fcr Europarecht, V\u00f6lkerrecht und \u00f6ffentliches Recht von Prof. Dr. Thomas Giegerich, L.LM. und am Europa-Institut.<\/p>\n\n\n\n<hr class=\"wp-block-separator\"\/>\n\n\n\n<p><a href=\"https:\/\/jean-monnet-saar.eu\/?p=158248#_ftnref1\">[1]<\/a>&nbsp;CM\/ResDH(2021)432.<\/p>\n\n\n\n<p><a href=\"https:\/\/jean-monnet-saar.eu\/?p=158248#_ftnref2\">[2]<\/a>&nbsp;EGMR, Urteil vom 10.12.2019, Case of Kavala v. Turkey, Appl. No. 28749\/18.<\/p>\n\n\n\n<p><a href=\"https:\/\/jean-monnet-saar.eu\/?p=158248#_ftnref3\">[3]<\/a>&nbsp;EGMR, Pressemitteilung v. 23.02.2022, ECHR 057 (2022).<\/p>\n\n\n\n<p><a href=\"https:\/\/jean-monnet-saar.eu\/?p=158248#_ftnref4\">[4]<\/a>&nbsp;Konsolidierte Fassung der Satzung des Europarates in: Sammlung der Europ\u00e4ischen Vertr\u00e4ge \u2013 Nr. 1, abrufbar unter:&nbsp;<a href=\"https:\/\/rm.coe.int\/1680306051\">https:\/\/rm.coe.int\/1680306051<\/a>&nbsp;(zuletzt aufgerufen am 8.03.2022).<\/p>\n\n\n\n<p><a href=\"https:\/\/jean-monnet-saar.eu\/?p=158248#_ftnref5\">[5]<\/a>&nbsp;CM\/ResDH(2021)432.<\/p>\n\n\n\n<p><a href=\"https:\/\/jean-monnet-saar.eu\/?p=158248#_ftnref6\">[6]<\/a>&nbsp;Beck-aktuell, Europarat leitet Vertragsverletzungsverfahren gegen T\u00fcrkei ein, 03.12.2021,&nbsp;<a href=\"https:\/\/rsw.beck.de\/aktuell\/daily\/meldung\/detail\/europarat-leitet-vertragsverletzungsverfahren-gegen-tuerkei-ein\">https:\/\/rsw.beck.de\/aktuell\/daily\/meldung\/detail\/europarat-leitet-vertragsverletzungsverfahren-gegen-tuerkei-ein<\/a>&nbsp;(zuletzt aufgerufen am 08.03.2022).<\/p>\n\n\n\n<p><a href=\"https:\/\/jean-monnet-saar.eu\/?p=158248#_ftnref7\">[7]<\/a>&nbsp;EGMR, Urteil vom 29.05.2019, Proceedings under Article 46 \u00a7 4 in the case of Ilgar Mammadov v. Azerbaijan, 15172\/13, Rn. 115.<\/p>\n\n\n\n<p><a href=\"https:\/\/jean-monnet-saar.eu\/?p=158248#_ftnref8\">[8]<\/a>&nbsp;S\u00fcddeutsche Zeitung, Europarat: Vertragsverletzungsverfahren gegen T\u00fcrkei, 03.12.2021,&nbsp;<a href=\"https:\/\/www.sueddeutsche.de\/politik\/europarat-europarat-vertragsverletzungsverfahren-gegen-tuerkei-dpa.urn-newsml-dpa-com-20090101-211203-99-240111\">https:\/\/www.sueddeutsche.de\/politik\/europarat-europarat-vertragsverletzungsverfahren-gegen-tuerkei-dpa.urn-newsml-dpa-com-20090101-211203-99-240111<\/a>&nbsp;(zuletzt aufgerufen am 08.03.2022).<\/p>\n\n\n\n<p><a href=\"https:\/\/jean-monnet-saar.eu\/?p=158248#_ftnref9\">[9]<\/a>&nbsp;EGMR, Urteil vom 22.05.2014, Ilgar Mammadov v. Azerbaijan, Appl. No. 15172\/13.<\/p>\n\n\n\n<p><a href=\"https:\/\/jean-monnet-saar.eu\/?p=158248#_ftnref10\">[10]<\/a>&nbsp;EGMR, Urteil vom 29.05.2019, Proceedings under Article 46 \u00a7 4 in the case of Ilgar Mammadov v. Azerbaijan, Appl. No. 15172\/13.<\/p>\n\n\n\n<p><a href=\"https:\/\/jean-monnet-saar.eu\/?p=158248#_ftnref11\">[11]<\/a>&nbsp;CM\/Del\/Dec(2020)1377bis\/H46-3, Rn. 2.<\/p>\n\n\n\n<p><a href=\"https:\/\/jean-monnet-saar.eu\/?p=158248#_ftnref12\">[12]<\/a>&nbsp;EGMR, Urteil vom 10.12.2019, Case of Kavala v. Turkey, Appl. No. 28749\/18, Rn. 159.<\/p>\n\n\n\n<p><a href=\"https:\/\/jean-monnet-saar.eu\/?p=158248#_ftnref13\">[13]<\/a>&nbsp;EGMR, Urteil vom 10.12.2019, Case of Kavala v. Turkey, Appl. No. 28749\/18, Rn. 196.<\/p>\n\n\n\n<p><a href=\"https:\/\/jean-monnet-saar.eu\/?p=158248#_ftnref14\">[14]<\/a>&nbsp;EGMR, Urteil vom 10.12.2019, Case of Kavala v. Turkey, Appl. No. 28749\/18, Rn. 240.<\/p>\n\n\n\n<p><a href=\"https:\/\/jean-monnet-saar.eu\/?p=158248#_ftnref15\">[15]<\/a>&nbsp;HK-EMRK\/Jens Meyer-Ladewig\/Kathrin Brunozzi, 4. Aufl. 2017, EMRK Art. 46 Rn. 6.<\/p>\n\n\n\n<p><a href=\"https:\/\/jean-monnet-saar.eu\/?p=158248#_ftnref16\">[16]<\/a>&nbsp;EGMR, Urteil vom 10.12.2019, Case of Kavala v. Turkey, Appl. No. 28749\/18.<\/p>\n\n\n\n<p><a href=\"https:\/\/jean-monnet-saar.eu\/?p=158248#_ftnref17\">[17]<\/a>&nbsp;Vgl. CM\/ResDH(2021)432.<\/p>\n\n\n\n<p><a href=\"https:\/\/jean-monnet-saar.eu\/?p=158248#_ftnref18\">[18]<\/a>&nbsp;Deutschlandfunk, Der Fall Osman Kavala \/ Was hinter Erdogans Konfrontationskurs mit dem Westen steckt, 19.01.2022,&nbsp;<a href=\"https:\/\/www.deutschlandfunk.de\/der-fall-osman-kavala-was-hinter-erdogans-100.html\">https:\/\/www.deutschlandfunk.de\/der-fall-osman-kavala-was-hinter-erdogans-100.html<\/a>&nbsp;(zuletzt aufgerufen am 07.03.2022).<\/p>\n\n\n\n<p><a href=\"https:\/\/jean-monnet-saar.eu\/?p=158248#_ftnref19\">[19]<\/a>&nbsp;CM\/ResDH(2021)432.<\/p>\n\n\n\n<p><a href=\"https:\/\/jean-monnet-saar.eu\/?p=158248#_ftnref20\">[20]<\/a>&nbsp;CM\/ResDH(2022)21, Appendix Rn. 11.<\/p>\n\n\n\n<p><a href=\"https:\/\/jean-monnet-saar.eu\/?p=158248#_ftnref21\">[21]<\/a>&nbsp;CM\/ResDH(2022)21, Appendix Rn. 10.<\/p>\n\n\n\n<p><a href=\"https:\/\/jean-monnet-saar.eu\/?p=158248#_ftnref22\">[22]<\/a>&nbsp;CM\/ResDH(2022)21, Appendix Rn. 12; EGMR, Pressemitteilung v. 23.02.2022, ECHR 057 (2022).<\/p>\n\n\n\n<p><a href=\"https:\/\/jean-monnet-saar.eu\/?p=158248#_ftnref23\">[23]<\/a>&nbsp;Interim Resolution CM\/ResDH(2022)21; EGMR, Pressemitteilung v. 23.02.2022, ECHR 057 (2022).<\/p>\n\n\n\n<p><a href=\"https:\/\/jean-monnet-saar.eu\/?p=158248#_ftnref24\">[24]<\/a>&nbsp;Beck-aktuell, Europarat leitet Vertragsverletzungsverfahren gegen T\u00fcrkei ein, 03.12.2021,&nbsp;<a href=\"https:\/\/rsw.beck.de\/aktuell\/daily\/meldung\/detail\/europarat-leitet-vertragsverletzungsverfahren-gegen-tuerkei-ein\">https:\/\/rsw.beck.de\/aktuell\/daily\/meldung\/detail\/europarat-leitet-vertragsverletzungsverfahren-gegen-tuerkei-ein<\/a>&nbsp;(zuletzt aufgerufen am 08.03.2022).<\/p>\n\n\n\n<p><a href=\"https:\/\/jean-monnet-saar.eu\/?p=158248#_ftnref25\">[25]<\/a>&nbsp;Konsolidierte Fassung der Satzung des Europarates in: Sammlung der Europ\u00e4ischen Vertr\u00e4ge \u2013 Nr. 1, abrufbar unter:&nbsp;<a href=\"https:\/\/rm.coe.int\/1680306051\">https:\/\/rm.coe.int\/1680306051<\/a>&nbsp;(zuletzt aufgerufen am 8.03.2022).<\/p>\n\n\n\n<p><a href=\"https:\/\/jean-monnet-saar.eu\/?p=158248#_ftnref26\">[26]<\/a>&nbsp;Vgl. die Suspendierung der Vertretungsrechte Russlands durch das Ministerkomitee am 25.02.2022 mit sofortiger Wirkung wegen seines bewaffneten Angriffs auf die Ukraine (CM\/Del\/Dec(2022)1426ter\/2.3).<\/p>\n\n\n\n<p><a href=\"https:\/\/jean-monnet-saar.eu\/?p=158248#_ftnref27\">[27]<\/a>&nbsp;Konsolidierte Fassung der Satzung des Europarates in: Sammlung der Europ\u00e4ischen Vertr\u00e4ge \u2013 Nr. 1, abrufbar unter:&nbsp;<a href=\"https:\/\/rm.coe.int\/1680306051\">https:\/\/rm.coe.int\/1680306051<\/a>&nbsp;(zuletzt aufgerufen am 8.03.2022).<\/p>\n\n\n\n<p><a href=\"https:\/\/jean-monnet-saar.eu\/?p=158248#_ftnref28\">[28]<\/a>&nbsp;WD 2-3000-062\/18, S. 5 Fn. 4.<\/p>\n\n\n\n<p><a href=\"https:\/\/jean-monnet-saar.eu\/?p=158248#_ftnref29\">[29]<\/a>&nbsp;Beck-aktuell, Europarat leitet Vertragsverletzungsverfahren gegen T\u00fcrkei ein, 03.12.2021,&nbsp;<a href=\"https:\/\/rsw.beck.de\/aktuell\/daily\/meldung\/detail\/europarat-leitet-vertragsverletzungsverfahren-gegen-tuerkei-ein\">https:\/\/rsw.beck.de\/aktuell\/daily\/meldung\/detail\/europarat-leitet-vertragsverletzungsverfahren-gegen-tuerkei-ein<\/a>&nbsp;(zuletzt aufgerufen am 07.03.2022).<\/p>\n\n\n\n<p><strong>Suggested Citation<\/strong>: <em>Schmitt, Miriam<\/em>, Die T\u00fcrkei und der Europarat \u2013 ein sich zuspitzender Konflikt?, jean-monnet-saar 2022, DOI:<a href=\"https:\/\/doi.org\/10.17176\/20220309-120328-0\">10.17176\/20220309-120328-0<\/a>.<\/p>\n","protected":false},"excerpt":{"rendered":"<p>09.03.2022 Ein Beitrag von Miriam Schmitt* Anfang Dezember leitete das Ministerkomitee des Europarats gem\u00e4\u00df Art. 46 Abs. 4 EMRK ein Vertragsverletzungsverfahren gegen die T\u00fcrkei ein.[1]&nbsp;Hintergrund<\/p>\n","protected":false},"author":16,"featured_media":0,"parent":0,"menu_order":0,"comment_status":"closed","ping_status":"closed","template":"","meta":{"footnotes":""},"class_list":["post-158289","page","type-page","status-publish","hentry"],"_links":{"self":[{"href":"https:\/\/jean-monnet-saar.eu\/index.php?rest_route=\/wp\/v2\/pages\/158289","targetHints":{"allow":["GET"]}}],"collection":[{"href":"https:\/\/jean-monnet-saar.eu\/index.php?rest_route=\/wp\/v2\/pages"}],"about":[{"href":"https:\/\/jean-monnet-saar.eu\/index.php?rest_route=\/wp\/v2\/types\/page"}],"author":[{"embeddable":true,"href":"https:\/\/jean-monnet-saar.eu\/index.php?rest_route=\/wp\/v2\/users\/16"}],"replies":[{"embeddable":true,"href":"https:\/\/jean-monnet-saar.eu\/index.php?rest_route=%2Fwp%2Fv2%2Fcomments&post=158289"}],"version-history":[{"count":0,"href":"https:\/\/jean-monnet-saar.eu\/index.php?rest_route=\/wp\/v2\/pages\/158289\/revisions"}],"wp:attachment":[{"href":"https:\/\/jean-monnet-saar.eu\/index.php?rest_route=%2Fwp%2Fv2%2Fmedia&parent=158289"}],"curies":[{"name":"wp","href":"https:\/\/api.w.org\/{rel}","templated":true}]}}