{"id":2848,"date":"2020-10-16T11:27:58","date_gmt":"2020-10-16T09:27:58","guid":{"rendered":"https:\/\/jean-monnet-saar.eu\/?page_id=2848"},"modified":"2022-07-05T15:09:37","modified_gmt":"2022-07-05T14:09:37","slug":"vorratsdatenspeicherung-reloaded","status":"publish","type":"page","link":"https:\/\/jean-monnet-saar.eu\/?page_id=2848","title":{"rendered":"Vorratsdatenspeicherung reloaded?"},"content":{"rendered":"<h2>Die EuGH-Urteile vom 6. Oktober 2020 im \u00dcberblick: Ein grunds\u00e4tzliches Verbot mit weitreichenden Ausnahmen<\/h2>\n<p>16.10.2020<\/p>\n<p>Ein Beitrag von Laura Katharina Woll*<\/p>\n<h3><strong>1. Einleitung <\/strong><\/h3>\n<p>Wie in einem <a href=\"https:\/\/jean-monnet-saar.eu\/?page_id=2481\">fr\u00fcheren Beitrag<\/a> ausf\u00fchrlich dargestellt, ist der Streit um die allgemeine Vorratsdatenspeicherung mit zun\u00e4chst vier Vorabentscheidungsersuchen aus Frankreich, Belgien und dem Vereinigten K\u00f6nigreich neu entfacht worden.<a href=\"#_ftn1\" name=\"_ftnref1\">[1]<\/a> Die am 6. Oktober 2020 ergangenen Urteile des EuGH hierzu<a href=\"#_ftn2\" name=\"_ftnref2\">[2]<\/a> d\u00fcrften dem von manchen totgeglaubten \u201eZombie\u201c<a href=\"#_ftn3\" name=\"_ftnref3\">[3]<\/a> namens Vorratsdatenspeicherung neues Leben einhauchen \u2013 und liefern wichtige Signale, was der Gerichtshof auf die Vorlagefrage des BVerwG<a href=\"#_ftn4\" name=\"_ftnref4\">[4]<\/a> zur Vereinbarkeit der in \u00a7\u00a7 113a Abs. 1 S. 1, 113b des deutschen TKG geregelten Pflicht zur anlasslosen mehrw\u00f6chigen Speicherung von Verkehrs- und Standortdaten \u201eauf Vorrat\u201c, mit Artikel 15 Abs. 1 der Richtlinie 2002\/58\/EG antworten k\u00f6nnte,<a href=\"#_ftn5\" name=\"_ftnref5\">[5]<\/a>\u00a0deren Unionsrechtm\u00e4\u00dfigkeit sehr fraglich ist.<\/p>\n<p>Die allgemeine Vorratsdatenspeicherung soll nationalen Sicherheits- bzw. Strafverfolgungsbeh\u00f6rden den Zugriff auf von Kommunikationsdienstleistern gespeicherte umfassende Verbindungsdaten der Nutzer erm\u00f6glichen, welche die Anbieter zu jenem Zweck auf Vorrat speichern und bereithalten m\u00fcssen.<a href=\"#_ftn6\" name=\"_ftnref6\">[6]<\/a> Mit Spannung wurde erwartet, ob der EuGH seiner strengen Linie aus dem <em>Tele2 Sverige und Watson<\/em>-Urteil von 2016 treu bleiben und weiterhin jede unterschiedslose Vorratsdatenspeicherung f\u00fcr unionsrechtswidrig erkl\u00e4ren w\u00fcrde.<a href=\"#_ftn7\" name=\"_ftnref7\">[7]<\/a> Hintergrund der nun ergangenen Urteile waren ganz \u00e4hnlich wie im Fall des Vorabentscheidungsersuchens des BVerwG Verfahren, in denen sich unter anderem die NGOs <em>Privacy International<\/em> und <em>La Quadrature du Net<\/em> gegen nationale Vorschriften gewandt hatten, die Telekommunikationsbetreiber zur Sammlung von Massen-Telekommunikationsdaten und zu deren Weitergabe an nationale Sicherheitsbeh\u00f6rden bzw. Nachrichtendienste verpflichteten.<a href=\"#_ftn8\" name=\"_ftnref8\">[8]<\/a><\/p>\n<h3><strong>2. <\/strong><strong>Die Entscheidungen des EuGH in K\u00fcrze<\/strong><\/h3>\n<p>Den von mehreren Mitgliedstaaten unter Berufung auf Artikel 4 Abs. 2 EUV ge\u00e4u\u00dferten Zweifeln bez\u00fcglich der Anwendbarkeit der sogenannten E-Privacy-Richtlinie 2002\/58\/EG auf derartige F\u00e4lle erteilte der EuGH zun\u00e4chst wie erwartet eine Absage: Der Anwendungsbereich der Richtlinie erstreckt sich laut Gerichtshof auch auf nationale Rechtsakte, die Telekommunikationsdienstleister zur Weitergabe von auf Vorrat gespeicherten Daten an nationale Beh\u00f6rden verpflichten, da derartige gesetzgeberische Ma\u00dfnahmen notwendigerweise die <em>Verarbeitung<\/em> der personenbezogenen Daten durch diese Anbieter mit sich bringen,<a href=\"#_ftn9\" name=\"_ftnref9\">[9]<\/a> auch wenn die Folge geheimdienstliche Ma\u00dfnahmen im Namen der nationalen Sicherheit sein m\u00f6gen. Damit schlie\u00dft der Gerichtshof sich den Schlussantr\u00e4gen des Generalanwalts <em>Campos S\u00e1nchez-Bordona<\/em> vom 15. Januar 2020 an, wonach die E-Privacy-Richtlinie lediglich dann nicht eingreifen w\u00fcrde, wenn die Beh\u00f6rden selbst und auf eigene Rechnung t\u00e4tig w\u00fcrden, g\u00e4nzlich ohne Privatpersonen in die Pflicht zu nehmen.<a href=\"#_ftn10\" name=\"_ftnref10\">[10]<\/a><\/p>\n<p>Entsprechend entschied der Gerichtshof in der Rechtssache C-623\/17, dass der im Lichte von Artikel 4 Abs. 2 EUV und Artikeln 7, 8 und 11 der Grundrechtecharta ausgelegte Artikel 15 Abs. 1 der E-Privacy-Richtlinie einer nationalen Regelung entgegensteht, die Anbieter elektronischer Kommunikationsdienste zur allgemeinen und unterschiedslosen \u00dcbermittlung von gesammelten Verkehrs- und Standortdaten an die Sicherheitsbeh\u00f6rden verpflichtet.<a href=\"#_ftn11\" name=\"_ftnref11\">[11]<\/a> Ebenso legte er in den verbundenen Rechtssachen C-511\/18, C-512\/18\u00a0 und C-520\/18 Artikel 23 Abs. 1 der DSGVO (Verordnung 2016\/679) aus, der gleichfalls eine allgemeine und unterschiedslose Speicherung personenbezogener Daten durch Online-Kommunikationsdienste ausschlie\u00dft.<a href=\"#_ftn12\" name=\"_ftnref12\">[12]<\/a><\/p>\n<p>Von gr\u00f6\u00dferem Interesse sind indes die Ausf\u00fchrungen des EuGH zu den seiner Ansicht nach m\u00f6glichen Ausnahmen vom grunds\u00e4tzlichen Verbot der allgemeinen Vorratsdatenspeicherung: Weniger \u00fcberraschend ist hier zun\u00e4chst die seitens des Gerichtshofs zugelassene <em>gezielte<\/em> Speicherung von Verkehrs- und Standortdaten auf Grundlage objektiver Faktoren und in personell-geographisch beschr\u00e4nkter Weise.<a href=\"#_ftn13\" name=\"_ftnref13\">[13]<\/a> Insoweit stimmt die\u00a0 Entscheidung ganz mit den Schlussantr\u00e4gen des Generalanwalts \u00fcberein.<a href=\"#_ftn14\" name=\"_ftnref14\">[14]<\/a> \u00dcberraschend umfangreich sind indes die weiteren von ihm festgelegten m\u00f6glichen Ausnahmen: So erkl\u00e4rte er auch die allgemeine und unterschiedslose Vorratsdatenspeicherung von Verkehrs- und Standortdaten f\u00fcr zul\u00e4ssig, wenn im betreffenden Mitgliedstaat eine nachweislich bestehende oder sogar nur vorhersehbare ernsthafte und tats\u00e4chliche Gefahr f\u00fcr die nationale Sicherheit besteht, sofern eine wirksame und unabh\u00e4ngige \u00dcberpr\u00fcfung der Anordnung dieser Ma\u00dfnahme festgelegt und sie zeitlich auf das unbedingt notwendige Ma\u00df beschr\u00e4nkt wird.<a href=\"#_ftn15\" name=\"_ftnref15\">[15]<\/a><\/p>\n<p>Gleichfalls m\u00f6glich sind zudem laut Gerichtshof \u2013 und das nicht nur zum Schutz der nationalen Sicherheit, sondern auch zur Bek\u00e4mpfung schwerer Kriminalit\u00e4t oder Abwehr schwerwiegender Bedrohungen der \u00f6ffentlichen Sicherheit \u2013 sowohl die allgemeine und unterschiedslose Speicherung von IP-Adressen in zeitlich begrenztem Umfang als auch die allgemeine und unterschiedslose Speicherung von Daten \u00fcber die zivile Identit\u00e4t von Benutzern elektronischer Kommunikationssysteme \u201eauf Vorrat\u201c, sofern betroffenen Personen die M\u00f6glichkeit von Rechtsschutz einger\u00e4umt wird und verfahrensrechtliche Garantien vorgesehen werden.<a href=\"#_ftn16\" name=\"_ftnref16\">[16]<\/a><\/p>\n<p>Dies sind erstaunlich weitreichende Ausnahmen vom grunds\u00e4tzlich weiterhin aufrecht erhaltenen Verbot der allgemeinen anlasslosen Vorratsdatenspeicherung, und sie f\u00fchren dazu, dass entgegen manchen Stimmen mit diesen EuGH-Entscheidungen mitnichten das Ende der Vorratsdatenspeicherung eingel\u00e4utet wurde.<a href=\"#_ftn17\" name=\"_ftnref17\">[17]<\/a> So hatten sich auch die deutsche Bundesjustizministerin <em>Lambrecht<\/em> und die Innenminister von Bund und L\u00e4ndern erst k\u00fcrzlich f\u00fcr die Vorratsdatenspeicherung ausgesprochen, insbesondere f\u00fcr den Einsatz gegen online verbreitete Kinderpornographie,<a href=\"#_ftn18\" name=\"_ftnref18\">[18]<\/a> denn ohne Speicherung der jeweiligen IP-Adressen lassen sich selten die T\u00e4ter in der realen Welt ausmachen.<a href=\"#_ftn19\" name=\"_ftnref19\">[19]<\/a> Gerade dies d\u00fcrfte daher der klassische Anwendungsfall f\u00fcr die vom Gerichtshof f\u00fcr zul\u00e4ssig befundene M\u00f6glichkeit der allgemeinen und unterschiedslosen Speicherung von IP-Adressen werden.<a href=\"#_ftn20\" name=\"_ftnref20\">[20]<\/a><\/p>\n<h3><strong>3. Fazit<\/strong><\/h3>\n<p>Zusammenfassend ist dem Urteil vieler Beobachter zwar zuzustimmen, dass der Gerichtshof seiner grunds\u00e4tzlich datenschutzfreundlichen Rechtsprechungslinie treu bleibt,<a href=\"#_ftn21\" name=\"_ftnref21\">[21]<\/a> da eine allgemeine anlasslose Vorratsdatenspeicherung im Sinne einer dauerhaften Massen\u00fcberwachung grunds\u00e4tzlich weiterhin f\u00fcr unionsrechtswidrig befunden wurde. Allerdings zeigen schon die unterschiedlichen und teils widerspr\u00fcchlichen Reaktionen auf die Urteile,<a href=\"#_ftn22\" name=\"_ftnref22\">[22]<\/a> dass die umfassenden Ausnahmen vom grunds\u00e4tzlichen Verbot erstaunen und vielfach noch unklar ist, wie diese in nationales Recht umgesetzt werden k\u00f6nnen.<\/p>\n<p>Sie \u00fcberraschen aber insoweit nicht, als dieser den Mitgliedstaaten nunmehr er\u00f6ffnete Mittelweg sich schon in den Schlussantr\u00e4gen des Generalanwalts vom 15. Januar 2020 angedeutet hatte:<a href=\"#_ftn23\" name=\"_ftnref23\">[23]<\/a> Denn dieser hatte eine begrenzte und differenzierte Speicherung personenbezogener Daten einerseits, aber auch die allgemeine Datenerfassung im Falle einer Ausnahme- bzw. Notstandssituation andererseits f\u00fcr zul\u00e4ssig gehalten.<a href=\"#_ftn24\" name=\"_ftnref24\">[24]<\/a><\/p>\n<p>Der EuGH ist nun aber noch einen Schritt weiter gegangen und l\u00e4sst wie erw\u00e4hnt schon eine \u201evorhersehbare Gefahr f\u00fcr die nationale Sicherheit\u201c zur Zul\u00e4ssigkeit der allgemeinen Vorratsdatenspeicherung ausreichen sowie auch ganz grunds\u00e4tzlich die Bek\u00e4mpfung \u201eschwerer Kriminalit\u00e4t\u201c f\u00fcr eine unterschiedslose Speicherung von IP-Adressen, was den Mitgliedstaaten einige M\u00f6glichkeiten an die Hand gibt. Nicht zu vergessen sind dabei jedoch die von ihm geforderten zeitlichen Grenzen, verfahrensrechtlichen Garantien und der Grundsatz der Verh\u00e4ltnism\u00e4\u00dfigkeit \u2013 Grenzen, die in den meisten Mitgliedstaaten zur Unzul\u00e4ssigkeit der jeweiligen nationalen Regelungen f\u00fchren d\u00fcrften. Mit Spannung darf daher insbesondere die Entscheidung des EuGH \u00fcber die Vorlagefrage des BVerwG zur deutschen Variante der Vorratsdatenspeicherung im TKG erwartet werden.<a href=\"#_ftn25\" name=\"_ftnref25\">[25]<\/a><\/p>\n<p>____________<\/p>\n<p>* Ass. iur. <a href=\"https:\/\/www.uni-saarland.de\/lehrstuhl\/giegerich\/team\/laura-woll.html\">Laura Katharina Woll, LL.M.<\/a> ist wissenschaftliche Mitarbeiterin und Doktorandin am Lehrstuhl von Univ.-Prof. Dr. Thomas Giegerich.<\/p>\n<p><a href=\"#_ftnref1\" name=\"_ftn1\">[1]<\/a> Siehe <em>Woll<\/em>, Does the end justify the means? Comments on AG Campos S\u00e1nchez-Bordona\u2019s Opinions of 15 January 2020, SEE EU Cluster of Excellence, South Eastern Europe and the European Union &#8211; Legal Issues, Vol. 5, 2020 (ISBN 978-3-946851-42-4).<\/p>\n<p><a href=\"#_ftnref2\" name=\"_ftn2\">[2]<\/a> EuGH, verb. Rs. C-511\/18, C-512\/18 und C-520\/18, <em>La Quadrature du Net u.a.<\/em>, und Rs. C-623\/17, <em>Privacy International<\/em>, Urteile vom 6. Oktober 2020.<\/p>\n<p><a href=\"#_ftnref3\" name=\"_ftn3\">[3]<\/a> So u.a. der <a href=\"https:\/\/www.datenschutz.de\/heutiges-eugh-urteil-vorratsdatenspeicherung-reloaded\/\">Hamburgische Datenschutzbeauftragte <em>Caspar<\/em><\/a>\u00a0und die <a href=\"https:\/\/mdb.anke.domscheit-berg.de\/2020\/10\/__trashed\/\">netzpolitische Sprecherin der Linken <em>Domscheit-Berg<\/em><\/a>\u00a0(13.10.2020).<\/p>\n<p><a href=\"#_ftnref4\" name=\"_ftn4\">[4]<\/a> BVerwG, Beschluss vom 25.09.2019, Az. 6 C 12.18, NVwZ 2020, 1108; EuGH, Rs. C-793\/19 (anh\u00e4ngig).<\/p>\n<p><a href=\"#_ftnref5\" name=\"_ftn5\">[5]<\/a> <a href=\"https:\/\/rsw.beck.de\/aktuell\/daily\/meldung\/detail\/eugh-keine-pauschale-vorratsdatenspeicherung\"><em>Dollmann<\/em>, Keine pauschale Vorratsdatenspeicherung<\/a> (13.10.2020).<\/p>\n<p><a href=\"#_ftnref6\" name=\"_ftn6\">[6]<\/a> <a href=\"https:\/\/www.lto.de\/recht\/hintergruende\/h\/eugh-c62317-vorratsdatenspeicherung-internet-telefon-eu-staaten-sicherheit-terrorismus-datenschutz-speichern-deutschland-kinderpornographie\/\"><em>Sehl<\/em>, Weg frei f\u00fcr Neuauflage der Vorratsdatenspeicherung<\/a> (13.10.2020).<\/p>\n<p><a href=\"#_ftnref7\" name=\"_ftn7\">[7]<\/a> EuGH, verb. Rs. C-203\/15 und C-698\/15, <em>Tele2 Sverige und Watson<\/em>, Urteil vom 21. Dezember 2016, Rn. 134.<\/p>\n<p><a href=\"#_ftnref8\" name=\"_ftn8\">[8]<\/a> ABl. L 201 v. 31.7.2002, S. 46; <a href=\"https:\/\/anwaltsblatt.anwaltverein.de\/de\/news\/eugh-generalanwalt-fordert-enge-grenzen-fuer-vorratsdatenspeicherung\"><em>Gr\u00f6ning\/Wildt<\/em>, EuGH-Generalanwalt fordert enge Grenzen f\u00fcr Vorratsdatenspeicherung, Anwaltsblatt v. 16.01.2020<\/a> (13.10.2020).<\/p>\n<p><a href=\"#_ftnref9\" name=\"_ftn9\">[9]<\/a> EuGH, Rs. C-623\/17, <em>Privacy International<\/em>, Rn. 46 bis 49 und verb. Rs. C-511\/18, C-512\/18 und C-520\/18, <em>La Quadrature du Net u.a.<\/em>, Rn. 89, 96, 99 und 104. Siehe auch die <a href=\"https:\/\/curia.europa.eu\/jcms\/upload\/docs\/application\/pdf\/2020-10\/cp200123en.pdf\">Pressemitteilung Nr. 123\/20<\/a>, S. 2 (13.10.2020).<\/p>\n<p><a href=\"#_ftnref10\" name=\"_ftn10\">[10]<\/a> Schlussantr\u00e4ge GA Campos S\u00e1nchez-Bordona, Rs. C-623\/17, <em>Privacy International<\/em>, Rn. 79. Siehe auch Rn. 30, 31 und 34 zur Anwendbarkeit der Richtlinie.<\/p>\n<p><a href=\"#_ftnref11\" name=\"_ftn11\">[11]<\/a> EuGH, Rs. C-623\/17, <em>Privacy International<\/em>, Rn. 82 und 83.<\/p>\n<p><a href=\"#_ftnref12\" name=\"_ftn12\">[12]<\/a> EuGH, verb. Rs. C-511\/18, C-512\/18 und C-520\/18, <em>La Quadrature du Net u.a.<\/em>, Rn. 212.<\/p>\n<p><a href=\"#_ftnref13\" name=\"_ftn13\">[13]<\/a> Ibid., Rn. 229, Punkt 1, Zweiter Spiegelstrich.<\/p>\n<p><a href=\"#_ftnref14\" name=\"_ftn14\">[14]<\/a> Schlussantr\u00e4ge GA Campos S\u00e1nchez-Bordona, verb. Rs. C-511\/18 und C-512\/18, <em>La Quadrature du Net<\/em>, Rn. 133 unter Verweis auf die Schlussantr\u00e4ge in der Rs. C\u2011520\/18, Rn. 80.<\/p>\n<p><a href=\"#_ftnref15\" name=\"_ftn15\">[15]<\/a> EuGH, verb. Rs. C-511\/18, C-512\/18 und C-520\/18, <em>La Quadrature du Net u.a.<\/em>, Rn. 229, Punkt 1, Erster Spiegelstrich.<\/p>\n<p><a href=\"#_ftnref16\" name=\"_ftn16\">[16]<\/a> Ibid., Dritter und Vierter Spiegelstrich.<\/p>\n<p><a href=\"#_ftnref17\" name=\"_ftn17\">[17]<\/a> So n\u00e4mlich <a href=\"https:\/\/verfassungsblog.de\/goodbye-vorratsdatenspeicherung\/\"><em>Leutheusser-Schnarrenberger<\/em>, Goodbye Vorratsdatenspeicherung, Verfassungsblog vom 8. Oktober 2020<\/a> und <a href=\"https:\/\/www.tabea-roessner.de\/2020\/10\/06\/die-pauschale-anlasslose-vorratsdatenspeicherung-ist-mausetot\/\"><em>von Notz\/R\u00f6\u00dfner<\/em>, Die Vorratsdatenspeicherung ist mausetot<\/a> (13.10.2020).<\/p>\n<p><a href=\"#_ftnref18\" name=\"_ftn18\">[18]<\/a> <a href=\"https:\/\/www.spiegel.de\/netzwelt\/netzpolitik\/christine-lambrecht-will-vorratsdatenspeicherung-gegen-kindesmissbrauch-a-f13cc681-a4e2-41c4-a3d9-08daaa66bae1\"><em>Hoppenstedt<\/em>, Justizministerin will Vorratsdatenspeicherung gegen Kindesmissbrauch, Spiegel Netzwelt vom 2. Oktober 2020<\/a>; <a href=\"https:\/\/www.tagesschau.de\/inland\/vorratsdatenspeicherung-kindesmissbrauch-101.html\">Vorsto\u00df der Innenminister: Vorratsdatenspeicherung bei Kinderpornografie?, Tagesschau online vom 19. Juni 2020<\/a> (13.10.2020).<\/p>\n<p><a href=\"#_ftnref19\" name=\"_ftn19\">[19]<\/a> <em>Sehl<\/em> (Fn. 5).<\/p>\n<p><a href=\"#_ftnref20\" name=\"_ftn20\">[20]<\/a> <em>R\u00f6rig<\/em>, Kampf gegen Kindesmissbrauch, ZRP 2020, 228 (229 f.).<\/p>\n<p><a href=\"#_ftnref21\" name=\"_ftn21\">[21]<\/a> <em>Dollmann<\/em> (Fn. 4); <em>Leutheusser-Schnarrenberger<\/em> (Fn. 16).<\/p>\n<p><a href=\"#_ftnref22\" name=\"_ftn22\">[22]<\/a> So sieht etwa <a href=\"http:\/\/thorsten-frei.de\/aktuelles\/artikel\/eugh-signalisiert-vorsichtige-oeffnung-bei-der-vorratsdatenspeicherung-1475\/\">MdB <em>Frei<\/em><\/a>\u00a0(13.10.2020) eine Offenheit des EuGH gegen\u00fcber der Vorratsdatenspeicherung, w\u00e4hrend <em>von Notz\/R\u00f6\u00dfner<\/em> (Fn. 16) sie wie erw\u00e4hnt f\u00fcr tot erkl\u00e4rten.<\/p>\n<p><a href=\"#_ftnref23\" name=\"_ftn23\">[23]<\/a> Siehe <em>Ak\/Woll<\/em> (Fn. 1) unter E. Ausblick auf das Urteil des EuGH.<\/p>\n<p><a href=\"#_ftnref24\" name=\"_ftn24\">[24]<\/a> Schlussantr\u00e4ge GA Campos S\u00e1nchez-Bordona, verb. Rs. C-511\/18 und C-512\/18, <em>La Quadrature du Net<\/em>, Rn. 104, 146 und 155.<\/p>\n<p><a href=\"#_ftnref25\" name=\"_ftn25\">[25]<\/a> Zur Lage in Deutschland instruktiv <em>Wollenschl\u00e4ger<\/em>, Die Erga-omnes-Wirkung von EuGH-Urteilen in Vorabentscheidungsverfahren und die TK-Verkehrsdatenspeicherung, NJW 2018, 2532.<\/p>\n<p><strong>Suggested Citation:<\/strong> <em>Woll, Laura Katharina,<\/em> Vorratsdatenspeicherung reloaded? Die EuGH-Urteile vom 6. Oktober 2020 im \u00dcberblick: Ein grunds\u00e4tzliches Verbot mit weitreichenden Ausnahmen, jean-monnet-saar 2020, DOI: <a href=\"https:\/\/intr2dok.vifa-recht.de\/receive\/mir_mods_00012834?q=Vorratsdatenspeicherung%20reloaded\">10.17176\/20220602-214348-0<\/a><\/p>\n","protected":false},"excerpt":{"rendered":"<p>Die EuGH-Urteile vom 6. Oktober 2020 im \u00dcberblick: Ein grunds\u00e4tzliches Verbot mit weitreichenden Ausnahmen 16.10.2020 Ein Beitrag von Laura Katharina Woll* 1. Einleitung Wie in<\/p>\n","protected":false},"author":17,"featured_media":1695,"parent":0,"menu_order":0,"comment_status":"closed","ping_status":"closed","template":"","meta":{"footnotes":""},"class_list":["post-2848","page","type-page","status-publish","has-post-thumbnail","hentry"],"_links":{"self":[{"href":"https:\/\/jean-monnet-saar.eu\/index.php?rest_route=\/wp\/v2\/pages\/2848","targetHints":{"allow":["GET"]}}],"collection":[{"href":"https:\/\/jean-monnet-saar.eu\/index.php?rest_route=\/wp\/v2\/pages"}],"about":[{"href":"https:\/\/jean-monnet-saar.eu\/index.php?rest_route=\/wp\/v2\/types\/page"}],"author":[{"embeddable":true,"href":"https:\/\/jean-monnet-saar.eu\/index.php?rest_route=\/wp\/v2\/users\/17"}],"replies":[{"embeddable":true,"href":"https:\/\/jean-monnet-saar.eu\/index.php?rest_route=%2Fwp%2Fv2%2Fcomments&post=2848"}],"version-history":[{"count":0,"href":"https:\/\/jean-monnet-saar.eu\/index.php?rest_route=\/wp\/v2\/pages\/2848\/revisions"}],"wp:featuredmedia":[{"embeddable":true,"href":"https:\/\/jean-monnet-saar.eu\/index.php?rest_route=\/wp\/v2\/media\/1695"}],"wp:attachment":[{"href":"https:\/\/jean-monnet-saar.eu\/index.php?rest_route=%2Fwp%2Fv2%2Fmedia&parent=2848"}],"curies":[{"name":"wp","href":"https:\/\/api.w.org\/{rel}","templated":true}]}}