{"id":73,"date":"2013-12-04T15:58:10","date_gmt":"2013-12-04T13:58:10","guid":{"rendered":"http:\/\/134.96.123.52\/?page_id=73"},"modified":"2026-04-08T09:29:24","modified_gmt":"2026-04-08T08:29:24","slug":"stellungnahme","status":"publish","type":"page","link":"https:\/\/jean-monnet-saar.eu\/?page_id=73","title":{"rendered":"Saar Briefs"},"content":{"rendered":"\n<p>Eine \u00dcbersicht der Stellungnahmen zu aktuellen Diskursen im Bereich des Europarechts und der Europapolitik auf Jean Monnet Saar. Die Beitr\u00e4ge sollten eine L\u00e4nge von <strong>4.000 W\u00f6rtern<\/strong> nicht \u00fcberschreiten. Die ISSN der Serie lautet 2749-0874.<\/p>\n\n\n\n<p>An overview of statements on current discourses in European law and policy at Jean Monnet Saar. Contributions should not exceed <strong>4,000 words<\/strong>. The ISSN of the series is 2749-0874.<\/p>\n\n\n\n<p><strong>2026<\/strong><\/p>\n\n\n\n<ul class=\"wp-block-list\">\n<li><a href=\"https:\/\/jean-monnet-saar.eu\/?p=322987\">Annika Blaschke: Sexual and Gender Minorities in International Law and European Union Law: Thomas Giegerich&#8217;s Farewell Conference (04\/2026)<\/a><\/li>\n\n\n\n<li><a href=\"https:\/\/jean-monnet-saar.eu\/?p=322956\">Oskar J. Gstrein: The EU AI Act: A Story without a Plot? A Lack of Vision in the Digital AI Omnibus Proposal threatens constitutional AI Governance (03\/2026)<\/a><\/li>\n\n\n\n<li><a href=\"https:\/\/jean-monnet-saar.eu\/?p=322926\">Thomas Giegerich: Europeans must follow legal developments in the United States closely in 2026 (01\/26)<\/a><br><\/li>\n<\/ul>\n\n\n\n<p><strong>2025<\/strong><\/p>\n\n\n\n<ul class=\"wp-block-list\">\n<li><a href=\"https:\/\/jean-monnet-saar.eu\/?p=322884\">Thomas Giegerich: Der EuGH und der EGMR &#8211; L\u00f6sung in Sicht f\u00fcr den EMRK-Beitritt der EU? (11\/25)<\/a><\/li>\n\n\n\n<li><a href=\"https:\/\/jean-monnet-saar.eu\/?p=322844\">Thomas Giegerich: Ist das V\u00f6lkerrecht wirklich ohnm\u00e4chtig? (11\/25)<\/a><\/li>\n\n\n\n<li><a href=\"https:\/\/jean-monnet-saar.eu\/?page_id=322775\">Online-Symposium: Tackling Human Rights, Environmental Protection and Business \u2013 A Multilevel Approach<\/a>\n<ul class=\"wp-block-list\">\n<li><a href=\"https:\/\/jean-monnet-saar.eu\/?p=322779\">Welcome to the Symposium &#8211; an Overview (10\/25)<\/a><\/li>\n\n\n\n<li><a href=\"https:\/\/jean-monnet-saar.eu\/?p=322789\">Grzegorz Paciecha: The Contested Soul of Corporate Accountability: Navigating the CSDDD\u2019s Ambition and Its Political Unravelling (10\/25)<\/a><\/li>\n\n\n\n<li><a href=\"https:\/\/jean-monnet-saar.eu\/?p=322820\">Nicol\u00f2 Andreotti: Fast-Tracking the Green Transition in the EU: How RED III May Shield Corporations from Human Rights Accountability (10\/25)<\/a><\/li>\n\n\n\n<li><a href=\"https:\/\/jean-monnet-saar.eu\/?p=322834\">Ghaith Alkurdi: The Stateless Worker Problem: Linking Nationality Law Discrimination to EU Corporate Due Diligence (11\/25)<\/a><\/li>\n\n\n\n<li><a href=\"https:\/\/jean-monnet-saar.eu\/?p=322853\">Ann-Charlotte Neumann: Rethinking Corporate Social Responsibility in Times of Armed Conflict (11\/25)<\/a><\/li>\n\n\n\n<li><a href=\"https:\/\/jean-monnet-saar.eu\/?p=322867\">Mustafa Rajkotwala and Shamik Datta: Environmental Due Diligence as a Precondition to Treaty Protection: Reframing International Investment Law Through Corporate Governance Norms (11\/25)<\/a><\/li>\n<\/ul>\n<\/li>\n\n\n\n<li><a href=\"https:\/\/jean-monnet-saar.eu\/?p=322728\">Thomas Giegerich\u2019s book \u201cThe Human Right to Democracy in Multilevel Systems at a Time of Democratic Backsliding&nbsp;\u2013 Global, Regional and European Union Perspectives\u201d has just been published online by Springer Nature (open access) (10\/25)<\/a><\/li>\n\n\n\n<li><a href=\"https:\/\/jean-monnet-saar.eu\/?p=322659\">Hava Yurttag\u00fcl: The European Parliament &amp; Whistleblowers: Case analysis of the General Court ruling TU v European Parliament (T-793\/22) (09\/25)<\/a><\/li>\n\n\n\n<li><a href=\"https:\/\/jean-monnet-saar.eu\/?page_id=322544\">Online-Symposium: Protecting the Rule of Law in the European Union \u2013 Mechanisms and National Responsibility<\/a>\n<ul class=\"wp-block-list\">\n<li><a href=\"https:\/\/jean-monnet-saar.eu\/?p=322617\">Bojan Petkovi\u0107: F\u00fcnf Jahre PSPP-Urteil des Bundesverfassungsgerichts: \u00dcberlegungen zu einem k\u00fcnftigen Vertragsverletzungsverfahren wegen der Ultra-vires-Rechtsprechung (08\/25)<\/a><\/li>\n\n\n\n<li><a href=\"https:\/\/jean-monnet-saar.eu\/?p=322593\">Ankit Malhotra: Rule of Law in German and European Foreign Policy: The Use of Rule-of-Law Clauses in International Treaties (08\/25)<\/a><\/li>\n\n\n\n<li><a href=\"https:\/\/jean-monnet-saar.eu\/?p=322576\">E. Prema\/Ragul O.V.: Germany and the EU: Safeguarding the Rule of Law in Troubled Times (08\/25)<\/a><\/li>\n\n\n\n<li><a href=\"https:\/\/jean-monnet-saar.eu\/?p=322563\">Eva Ghazari-Arndt: Zur Bedeutung und Effektivit\u00e4t des Artikel-7 EUV-Verfahrens (08\/25)&nbsp;<\/a><\/li>\n\n\n\n<li><a href=\"https:\/\/jean-monnet-saar.eu\/?p=322524\">Moon Hwan Lee: Factual Silence as Rule of Law Evasion: Adverse Inference and the Evidentiary Collapse of EU Accountability (07\/25)<\/a><\/li>\n<\/ul>\n<\/li>\n\n\n\n<li><a href=\"https:\/\/jean-monnet-saar.eu\/?p=322499\">Benedikt Riedl: Dezentrale Herrschaftskontrolle als Teil der Verbundverfassung \u2013 Eine Replik auf Thomas Giegerich (07\/25)<\/a><\/li>\n\n\n\n<li><a href=\"https:\/\/jean-monnet-saar.eu\/?p=322487\">Thomas Giegerich: Vom Gordischen Knoten zum Ei des Kolumbus im Europaverfassungsrecht: Den Ultra-vires-Konflikt hat Benedikt Riedl in der Frankfurter Allgemeinen Zeitung nicht eingehegt (07\/25)<\/a><\/li>\n\n\n\n<li><a href=\"https:\/\/jean-monnet-saar.eu\/?p=317453\">William Wulff: A Belgian Call-In Proposal: Joining the EU Trend, But Questions Remain (04\/25)<\/a> <\/li>\n\n\n\n<li><a href=\"https:\/\/jean-monnet-saar.eu\/?p=315651\">Thomas Giegerich: Der Mensch als \u201eMa\u00df aller Dinge\u201c im V\u00f6lkerrecht, Europarecht und Grundgesetz (03\/25)<\/a><\/li>\n\n\n\n<li><a href=\"https:\/\/jean-monnet-saar.eu\/?p=312112\">Lucca Kaltenecker: Watching Big Brother \u2013 Das EGMR-Urteil in den Rechtssachen Pietrzak und Bychawska-Siniarska u.a. gegen Polen (02\/25)<\/a> <\/li>\n<\/ul>\n\n\n\n<p><strong>2024<\/strong><\/p>\n\n\n\n<ul class=\"wp-block-list\">\n<li><a href=\"https:\/\/jean-monnet-saar.eu\/?p=308523\">Gaylor Janton: An example of EU cooperation \u2013 The EU inter-state and institutional cooperation for the annual fishery quotas adoption (12\/24)<\/a> <\/li>\n\n\n\n<li><a href=\"https:\/\/jean-monnet-saar.eu\/?p=301478\">Annika Blaschke: Zwischen Fortschritt und Widerspruch beim Grundrechtsschutz in der GASP \u2013 Das EuGH-Urteil in den verbundenen Rechtssachen C-29\/22 P und C-44\/22 P (10\/24)<\/a><\/li>\n\n\n\n<li><a href=\"https:\/\/jean-monnet-saar.eu\/?p=300378\">Thomas Giegerich: Vorlagenvermeidung des BVerwG bei der Fortsetzungsfeststellungsklage: Totschweigen verletzt Art. 267 Abs. 3 AEUV und Art. 101 Abs. 1 Satz 2 GG (09\/24)<\/a><\/li>\n\n\n\n<li><a href=\"https:\/\/jean-monnet-saar.eu\/?p=299846\">Miriam Schmitt: Compact Verbot \u2013 Nicht nur aufgrund nationaler Erw\u00e4gungen debattierbar (09\/24)<\/a><\/li>\n\n\n\n<li><a href=\"https:\/\/jean-monnet-saar.eu\/?p=297636\">Thomas Giegerich: In Deutschland gibt es verwaltungsgerichtlichen Rechtsschutz gegen unionsrechtswidrige Binnengrenzkontrollen \u2013 anders als das VG M\u00fcnchen meint (06\/24)<\/a><\/li>\n\n\n\n<li><a href=\"https:\/\/jean-monnet-saar.eu\/?p=293820\">Laura Woll: The Unified Patent Court \u2013 a New International Court based on an Enhanced Cooperation between EU Member States (04\/24)<\/a><\/li>\n\n\n\n<li><a href=\"https:\/\/jean-monnet-saar.eu\/?page_id=292645\">Julia Jungfleisch: Verein KlimaSeniorinnen Schweiz and Others v. Switzerland &#8211; Starting Point for the Future Climate Protection in Europe (04\/24)<\/a><\/li>\n\n\n\n<li><a href=\"https:\/\/jean-monnet-saar.eu\/?page_id=292283\">Thomas Giegerich: Licht und Schatten im EU-Antidiskriminierungsrecht (04\/24)<\/a><\/li>\n\n\n\n<li><a href=\"https:\/\/jean-monnet-saar.eu\/?page_id=286233\">Vinzenz Boddenberg: St\u00e4rkung des europ\u00e4ischen Verfassungsgerichtsverbundes (02\/24)<\/a><\/li>\n\n\n\n<li><a href=\"https:\/\/jean-monnet-saar.eu\/?page_id=285555\">Dennis Traudt: Werte oder Interessen (02\/24)<\/a><\/li>\n<\/ul>\n\n\n\n<p><strong>2023<\/strong><\/p>\n\n\n\n<ul class=\"wp-block-list\">\n<li><a href=\"https:\/\/jean-monnet-saar.eu\/?page_id=282046\">Thomas Giegerich: The Human Right to Democracy in Multilevel Systems of Government at a Time of Democratic Backsliding (12\/23)<\/a><\/li>\n\n\n\n<li><a href=\"https:\/\/jean-monnet-saar.eu\/?page_id=278654\">Merle Arndt: Ein Update zum Fall Ukraine v. Russland (IGH) (11\/23)<\/a><\/li>\n\n\n\n<li><a href=\"https:\/\/jean-monnet-saar.eu\/?page_id=272988\">Karoline Dolgowski and Dennis Traudt: Post-BREXIT headaches: The CJEU\u2019s recent judgments on the withdrawal of EU citizenship from British expats (09\/23)<\/a><\/li>\n\n\n\n<li><a href=\"https:\/\/jean-monnet-saar.eu\/?page_id=261900\">Thomas Giegerich: Die Europ\u00e4ische Union als Friedensmacht: Eine Europ\u00e4ische Verteidigungsunion muss jetzt gegr\u00fcndet werden (05\/23)<\/a><\/li>\n\n\n\n<li><a href=\"https:\/\/jean-monnet-saar.eu\/?page_id=261372\">Mel Kenny: The <em style=\"font-size: revert;\">Windsor Framework<\/em><span style=\"font-size: revert;\">: Finding a <\/span><em style=\"font-size: revert;\">New Way Forward <\/em><span style=\"font-size: revert;\">for EU\/UK relations? (05\/23)<\/span><\/a><\/li>\n\n\n\n<li><a href=\"https:\/\/jean-monnet-saar.eu\/?page_id=254332\">Thomas Giegerich: Genozid gegen die Ukraine: Verh\u00fctung, Erinnerung, Aufarbeitung und S\u00fchnung historischer und aktueller V\u00f6lkermordverbrechen (2\/23)<\/a><\/li>\n<\/ul>\n\n\n\n<p><strong>2022<\/strong><\/p>\n\n\n\n<ul class=\"wp-block-list\">\n<li><a href=\"https:\/\/jean-monnet-saar.eu\/?page_id=250354\">Dagmar Richter &#8211; 26 Thesen zu menschenrechtlichen Aspekten von Pushbacks an den Grenzen Europas (12\/22)<\/a><\/li>\n\n\n\n<li><a href=\"https:\/\/jean-monnet-saar.eu\/?page_id=231857\">Thomas Giegerich &#8211; Toward Greater Gender-Sensitivity in Migration Law: Positive Developments regarding Female Refugees and Displaced Persons (10\/22)<\/a><\/li>\n\n\n\n<li><a href=\"https:\/\/jean-monnet-saar.eu\/?page_id=228166\">Anna Kohte &#8211;&nbsp;<span style=\"font-size: revert;\">On Patients\u2019 Autonomy, Medical Paternalism and Situations of Vulnerability in Y.P. v. Russia (09\/22)<\/span><\/a><\/li>\n\n\n\n<li><a href=\"https:\/\/jean-monnet-saar.eu\/?page_id=223493\">Julia Jungfleisch &#8211; The Strasbourg Version of Judicial Dialogue in Multilevel Systems: a short look at where we are with the Advisory Opinion Procedure under Protocol 16 (9\/22)<\/a><\/li>\n\n\n\n<li><a href=\"https:\/\/jean-monnet-saar.eu\/?page_id=217946\">Miriam Schmitt &#8211; Der Fall Kavala: ein Update? (08\/22)<\/a><\/li>\n\n\n\n<li><a href=\"https:\/\/jean-monnet-saar.eu\/?page_id=212894\">Thomas Giegerich &#8211; Europawahlreform als unendliche Geschichte (08\/22)<\/a><\/li>\n\n\n\n<li><a href=\"https:\/\/jean-monnet-saar.eu\/?page_id=178569\">Jascha Gro\u00df &#8211; Ausschluss russischer Fu\u00dfballteams von internationalen Wettk\u00e4mpfen \u2013 Legitimit\u00e4t und Rechtsschutzm\u00f6glichkeiten (05\/22)<\/a><\/li>\n\n\n\n<li><a href=\"https:\/\/jean-monnet-saar.eu\/?page_id=173665\">Florian Kraffert &#8211; Der Fall Kozan: Wie der EGMR den Rechtsstaat sch\u00fctzt (04\/22)<\/a><\/li>\n\n\n\n<li><a href=\"https:\/\/jean-monnet-saar.eu\/?page_id=172312\">Theresa Mainusch &#8211; Regenbogenfamilien \u2013 Unionsweite Anerkennung Mitgliedstaatlicher Geburtsurkunden (04\/22)<\/a><\/li>\n\n\n\n<li><a href=\"https:\/\/jean-monnet-saar.eu\/?page_id=158289\">Miriam Schmitt &#8211; Die T\u00fcrkei und der Europarat \u2013 ein sich zuspitzender Konflikt? (03\/22)<\/a><\/li>\n\n\n\n<li><a href=\"https:\/\/jean-monnet-saar.eu\/?page_id=153724\">Prof. Dr. Thomas Giegerich &#8211; Die &#8222;nationale Identit\u00e4t&#8220; gibt nationalen Gerichten keine Carte blanche zur \u00dcberwindung vorrangigen EU-Rechts: Anmerkung zum EuGH-Urteil vom 22.2.2022 in der Rs. C-430\/21&nbsp; (02\/22)<\/a><\/li>\n\n\n\n<li><a href=\"https:\/\/jean-monnet-saar.eu\/?p=141072\">Karoline Dolgowski und Dennis Traudt &#8211; Das sind die Werte der EU! (01\/22)<\/a><\/li>\n<\/ul>\n\n\n\n<p><strong>2021<\/strong><\/p>\n\n\n\n<ul class=\"wp-block-list\">\n<li><a href=\"https:\/\/jean-monnet-saar.eu\/?page_id=125620\">Prof. Dr. Thomas Giegerich &#8211; <span style=\"font-size: Revert;\">Ende gut, alles gut? \u2013 Europ\u00e4ische Kommission stellt Vertragsverletzungsverfahren gegen Deutschland wegen des Karlsruher PSPP-Urteils ein (12\/21)<\/span><\/a><\/li>\n\n\n\n<li><a href=\"https:\/\/jean-monnet-saar.eu\/?page_id=125638\">Prof. Dr. Thomas Giegerich &#8211; <span style=\"font-size: Revert;\">All\u2019s well that ends well? \u2013 European Commission closes infringement procedure against Germany on PSPP judgment of the Federal Constitutional Court (12\/21)<\/span><\/a><\/li>\n\n\n\n<li><a href=\"https:\/\/jean-monnet-saar.eu\/?page_id=118422\">Karoline Dolgowski &#8211; Polen in der Sackgasse (11\/21)<\/a><\/li>\n\n\n\n<li>Online Symposium: Human Rights during the Pandemic\n<ul class=\"wp-block-list\">\n<li><a href=\"https:\/\/jean-monnet-saar.eu\/?page_id=104917\">Karoline Dolgowski &#8211; \u201eDas Virus ist kein Studienanf\u00e4nger mehr\u201c \u2013 Rechtfertigt der Wunsch nach R\u00fcckkehr zum Pr\u00e4senzbetrieb an den Universit\u00e4ten eine Impfpflicht? Teil II (10\/21)<\/a><\/li>\n\n\n\n<li><a href=\"https:\/\/jean-monnet-saar.eu\/?page_id=103910\">Karoline Dolgowski &#8211; \u201eDas Virus ist kein Studienanf\u00e4nger mehr\u201c \u2013 Rechtfertigt der Wunsch nach R\u00fcckkehr zum Pr\u00e4senzbetrieb an den Universit\u00e4ten eine Impfpflicht? Teil I (10\/21)<\/a><\/li>\n\n\n\n<li><a href=\"https:\/\/jean-monnet-saar.eu\/?page_id=103231\">Julia Jungfleisch &#8211;&nbsp;A quick reminder of the Convention on the Rights of the Child and its application during the pandemic in Germany (09\/21)<\/a><\/li>\n\n\n\n<li><a href=\"https:\/\/jean-monnet-saar.eu\/?page_id=102519\">Dr. Gentjan Skara and Dr. Bojana Hajdini &#8211; The Right to Freedom of Peaceful Assembly during the COVID-19 pandemic in the light of the Albanian Constitutional Court\u2019s Decision 11\/2021 and the ECHR (09\/21)<\/a><\/li>\n\n\n\n<li><a href=\"https:\/\/jean-monnet-saar.eu\/?page_id=101545\">Katharina Koch &#8211;&nbsp;Lockdown measures as detention? \u2013 The case Terhe\u015f c La Roumanie (09\/21)<\/a><\/li>\n\n\n\n<li><a href=\"https:\/\/jean-monnet-saar.eu\/?page_id=100913\">Dr. Alexandre Guerreiro &#8211; Can the refusal of a government to adapt expert ideas in their COVID-19 framework reach the status of crime against humanity? (09\/21)<\/a><\/li>\n\n\n\n<li><a href=\"https:\/\/jean-monnet-saar.eu\/?page_id=100285\"><span lang=\"EN-US\"><span lang=\"EN-US\">Michelle Ariana Ospina Giraldo &#8211;&nbsp;<\/span><\/span>Privacy and the COVID-19 pandemic (09\/21)<\/a><\/li>\n\n\n\n<li><a href=\"https:\/\/jean-monnet-saar.eu\/?page_id=99221\">Expert Interview with Lara Schmidt &#8211;&nbsp;COVID-19 and the Rights of People with Rare Diseases in the EU (09\/21)<\/a><\/li>\n\n\n\n<li><a href=\"https:\/\/jean-monnet-saar.eu\/?page_id=98448\">Florian Zenner &#8211;&nbsp;\u201cFair and Equitable Sharing of Benefits\u201d \u2013 also in Vaccine Development? (09\/21)<\/a><\/li>\n\n\n\n<li><a href=\"https:\/\/jean-monnet-saar.eu\/?page_id=97721\">Paul K\u00f6nig and Anna Kohte &#8211; No Equity in Sight? (09\/21)<\/a><\/li>\n\n\n\n<li><a href=\"https:\/\/jean-monnet-saar.eu\/?page_id=96624\">Introduction by Prof. Dr. Thomas Giegerich &#8211; Enter the UN Security Council as Supporting Actor (09\/21)<\/a><\/li>\n<\/ul>\n<\/li>\n\n\n\n<li><a href=\"https:\/\/jean-monnet-saar.eu\/?page_id=88778\">Christina Backes und Julia Jungfleisch &#8211; Das Gleichbehandlungsgebot und private Vereine &#8211; Neues aus Memmingen (08\/21)<\/a><\/li>\n\n\n\n<li><a href=\"https:\/\/jean-monnet-saar.eu\/?page_id=75224\">Prof. Dr. Thomas Giegerich &#8211; Die unendliche Geschichte der europ\u00e4ischen Patentreform scheint zu einem guten Ende zu kommen (07\/21)<\/a><\/li>\n\n\n\n<li><a href=\"https:\/\/jean-monnet-saar.eu\/?page_id=71405\">Karoline Dolgowski und Dennis Traudt &#8211;&nbsp;Katz\u2018 und Maus? \u2013 Die \u201cNichtbestehens-Ausweisung\u201d im Lichte neuester EuGH Rechtsprechung (06\/21)<\/a><\/li>\n\n\n\n<li><a href=\"https:\/\/jean-monnet-saar.eu\/?page_id=61634\">Dr. Hava Yurttag\u00fcl &#8211; LuxLeaks Whistleblower Not Protected by Article 10 ECHR &#8211; Case Analysis of &#8222;Halet v. Luxembourg&#8220; (ECtHR, Appl. no. 21884\/18) (06\/21)<\/a><\/li>\n\n\n\n<li><a href=\"https:\/\/jean-monnet-saar.eu\/?p=65207\">Expert Interview with Dr. Oskar J. Gstrein &#8211; The EU Digital Covid Certificate: A useful tool to fight the pandemic and protect human rights? (06\/21)<\/a><\/li>\n\n\n\n<li><a href=\"https:\/\/jean-monnet-saar.eu\/?page_id=52941\">Laura Katharina Woll &#8211; Jean Monnet: geistiger Urheber des Schuman-Plans und Wegbereiter der europ\u00e4ischen Einigung (05\/21)<\/a><\/li>\n\n\n\n<li>Online-Symposium: Gender Equality and Gender Quotas for Political Participation in Europe\n<ul class=\"wp-block-list\">\n<li><a href=\"https:\/\/jean-monnet-saar.eu\/?page_id=51353\">Prof. Dr. Thomas Giegerich &#8211; An introduction (05\/21)<\/a><\/li>\n\n\n\n<li><a href=\"https:\/\/jean-monnet-saar.eu\/?page_id=51361\">Prof. Dr. Philippe Cossalter &#8211; The case of France (05\/21)<\/a><\/li>\n\n\n\n<li><a href=\"https:\/\/jean-monnet-saar.eu\/?page_id=51375\">Prof. Dr. Maria Jansson &#8211; Gender quotas and women\u2019s political agency in Sweden (05\/21)<\/a><\/li>\n\n\n\n<li><a href=\"https:\/\/jean-monnet-saar.eu\/?page_id=52507\">Prof. Dr. Thomas Giegerich &#8211; Women&#8217;s Right to Equal Political Participation and Gender Parity in Parliaments &#8211; Is Germany Falling Behind? (05\/21)<\/a><\/li>\n<\/ul>\n<\/li>\n\n\n\n<li><a href=\"https:\/\/jean-monnet-saar.eu\/?page_id=48957\">Anna Kohte &#8211; Procedural reforms in Strasbourg: From individual to systemic justice? (04\/21)<\/a><\/li>\n\n\n\n<li><a href=\"https:\/\/jean-monnet-saar.eu\/?page_id=31242\">Katharina Koch &#8211; Update zum Lieferkettengesetz: Regierungsentwurf im Bundeskabinett verabschiedet (03\/21)<\/a><\/li>\n\n\n\n<li><a href=\"https:\/\/jean-monnet-saar.eu\/?page_id=30476\">Katharina Koch &#8211; Der Entwurf f\u00fcr ein deutsches Lieferkettengesetz &#8211; ein &#8222;Gesetz mit Z\u00e4hnen&#8220; oder doch nur ein zahnloser Tiger? (03\/21)<\/a><\/li>\n\n\n\n<li><a href=\"https:\/\/jean-monnet-saar.eu\/?page_id=3144\">Prof. Dr. Thomas Giegerich &#8211; Karlsruhe verz\u00f6gert europ\u00e4ische Patentreform noch weiter: Zur Integrationsverantwortung des Bundesverfassungsgerichts (01\/21)<\/a><\/li>\n\n\n\n<li><a href=\"https:\/\/jean-monnet-saar.eu\/?page_id=3130\">Prof. Dr. Thomas Giegerich &#8211; My &#8218;State of the European Union&#8216; Overview for the Class of 2021 &#8211; Sequel (01\/21)<\/a><\/li>\n\n\n\n<li><a href=\"https:\/\/jean-monnet-saar.eu\/?page_id=3110\">Laura Katharina Woll &#8211; Neues zum Recht auf Selbstbestimmung am Lebensende: \u00d6sterreichischer Verfassungsgerichtshof kippt Verbot der Hilfe zur Selbstt\u00f6tung (01\/21)<\/a><\/li>\n<\/ul>\n\n\n\n<p><strong>2020<\/strong><\/p>\n\n\n\n<ul class=\"wp-block-list\">\n<li><a href=\"https:\/\/jean-monnet-saar.eu\/?page_id=3079\">Prof. Dr. Thomas Giegerich &#8211; &#8222;Aus dem Rahmen fallende Vorgehensweise&#8220;: Generalanwalt Tanchev verwirft die Ultra-Vires-Doktrin im PSPP-Urteil des BVerfG (12\/20)<\/a><\/li>\n\n\n\n<li><a href=\"https:\/\/jean-monnet-saar.eu\/?page_id=2956\">Prof. Dr. Thomas Giegerich &#8211; Faktische Auslandsreiseverbote in der Pandemie: Eine europarechtliche Erg\u00e4nzung zum Beschluss des OVG Nordrhein-Westfalen vom 20.11.2020 (11\/20)<\/a><\/li>\n\n\n\n<li><a href=\"https:\/\/jean-monnet-saar.eu\/?page_id=2929\">Dennis Traudt &#8211; Update zum EuGH-Urteil C-66\/18 (11\/20)<\/a><\/li>\n\n\n\n<li><a href=\"https:\/\/jean-monnet-saar.eu\/?page_id=2875\">Christina Backes und Julia Jungfleisch &#8211; Von Fischern, K\u00f6nigen und Prinzessinen &#8211; das M\u00e4rchen von der fehlenden Grundrechtsbindung privater Vereine (10\/20)<\/a><\/li>\n\n\n\n<li><a href=\"https:\/\/jean-monnet-saar.eu\/?page_id=2848\">Laura Katharina Woll &#8211; Vorratsdatenspeicherung <em>reloaded<\/em>? Die EuGH-Urteile vom 6. Oktober 2020 im \u00dcberblick: Ein grunds\u00e4tzliches Verbot mit weitreichenden Ausnahmen (10\/20)<\/a><\/li>\n\n\n\n<li><a href=\"https:\/\/jean-monnet-saar.eu\/?page_id=2832\">Dennis Traudt &#8211; Ein spezifisches Verst\u00e4ndnis von Treu und Glauben: Brexit Update 3.0 (10\/20)<\/a><\/li>\n\n\n\n<li><a href=\"https:\/\/jean-monnet-saar.eu\/?page_id=2818\">Katharina Koch &#8211; Die franz\u00f6sische Loi de vigilance als Beispiel f\u00fcr ein deutsches bzw. europ\u00e4isches Lieferkettengesetz? (10\/20)<\/a><\/li>\n\n\n\n<li><a href=\"https:\/\/jean-monnet-saar.eu\/?page_id=2803\">Prof. Dr. Thomas Giegerich &#8211; &#8222;State of the European Union&#8220; &#8211; Overview for the Class of 2021 of the Europa-Institut (09\/20)<\/a><\/li>\n\n\n\n<li><a href=\"https:\/\/jean-monnet-saar.eu\/?page_id=2726\">Prof. Dr. Thomas Giegerich &#8211; Neues zum \u00dcbereinkommen vom 19.2.2013 \u00fcber ein Einheitliches Patentgericht (07\/20) <\/a><\/li>\n\n\n\n<li><a href=\"https:\/\/jean-monnet-saar.eu\/?page_id=2642\">Prof. Dr. Thomas Giegerich &#8211; Mit der Axt an die Wurzel der Union des Rechts: Vier Fragen an das Bundesverfassungsgericht zum 70. Europa-Tag (05\/20)<\/a><\/li>\n\n\n\n<li><a href=\"https:\/\/jean-monnet-saar.eu\/?page_id=2613\">Julia Jungfleisch &#8211; Der Europ\u00e4ische Gerichtshof&#8230;f\u00fcr Menschenrechte? Anmerkung zu den Schlussantr\u00e4gen des Generalanwalts Pikam\u00e4e in den verb. Rs. C-924\/19 PPU und C-925\/19 PPU vom 23. April 2020 (05\/20)<\/a><\/li>\n\n\n\n<li><a href=\"https:\/\/jean-monnet-saar.eu\/?page_id=2539\">Annika Blaschke &#8211; Flatten the curve! Doch mit welchen Mitteln? &#8211; Handy-Ortung w\u00e4hrend der Corona-Krise (04\/20)<\/a><\/li>\n\n\n\n<li><a href=\"https:\/\/jean-monnet-saar.eu\/?page_id=2498\">Prof. Dr. Dagmar Richter &#8211; Das Corona-Erm\u00e4chtigungsgesetz &#8211; ein schlechtes Beispiel f\u00fcr Europa? (04\/20)<\/a><\/li>\n\n\n\n<li><a href=\"https:\/\/jean-monnet-saar.eu\/?page_id=2490\">Dennis Traudt &#8211; Der EuGH als regionaler Ersatz f\u00fcr den Appellate Body der WTO? Ein Kommentar zu den Schlussantr\u00e4gen von GA Kokott in der Rs. C-66\/18 zur Central European University (04\/20)<\/a><\/li>\n\n\n\n<li><a href=\"https:\/\/jean-monnet-saar.eu\/?page_id=2481\">Asra Ak und Laura Katharina Woll &#8211; Heiligt der Zweck die Mittel? Generalanwalt Campos S\u00e1nchez-Bordona fordert weiterhin enge Grenzen f\u00fcr die Vorratsdatenspeicherung (04\/20)<\/a><\/li>\n\n\n\n<li><a href=\"https:\/\/jean-monnet-saar.eu\/?page_id=2467\">Laura Katharina Woll &#8211; Sterben d\u00fcrfen und sterben lassen? Ein Update zum Recht auf selbstbestimmtes Sterben nach der Entscheidung des Bundesverfassungsgerichts zu \u00a7 217 StGB (03\/20)<\/a><\/li>\n\n\n\n<li><a href=\"https:\/\/jean-monnet-saar.eu\/?page_id=2451\">Christina Backes und Julia Jungfleisch &#8211; Ach w\u00e4r ich nur ein ein&#8217;zges Mal ein schmucker Prinz im Karneval &#8211; zugleich ein Beitrag zur Gleichbehandlungspflicht privater Vereine (01\/20)<\/a><\/li>\n<\/ul>\n\n\n\n<p><strong>2019<\/strong><\/p>\n\n\n\n<ul class=\"wp-block-list\">\n<li><a href=\"https:\/\/jean-monnet-saar.eu\/?page_id=2289\">Noureldin Abdou &#8211; Schoolchildren&#8217;s Right to Freedom of Religion: The Case of Papageorgiou and Others v. Greece before the ECtHR (11\/19)<\/a><\/li>\n\n\n\n<li><a href=\"https:\/\/jean-monnet-saar.eu\/?page_id=2273\">Annika Blaschke und Dennis Traudt &#8211; Von konservativen Rebellen und britischen Z\u00f6llnern: Ein zweites Update zum Brexit (11\/19)<\/a><\/li>\n\n\n\n<li><a href=\"https:\/\/jean-monnet-saar.eu\/?page_id=2259\">Sebastian Zeitzmann &#8211; Brexit: Sinn und Unsinn einer\/s britischen KommissarIn in der Europ\u00e4ischen Kommission (11\/19)<\/a><\/li>\n\n\n\n<li><a href=\"https:\/\/jean-monnet-saar.eu\/?page_id=2222\">Prof. Dr. Thomas Giegerich &#8211; Noch ist der Rechtsstaat nicht verloren: Der EuGH stellt eine Verletzung der richterlichen Unabh\u00e4ngigkeit durch den polnischen Gesetzgeber fest (06\/19)<\/a><\/li>\n\n\n\n<li><a href=\"https:\/\/jean-monnet-saar.eu\/?page_id=2187\">Prof. Dr. Thomas Giegerich &#8211; Angeblichen und echten Krisen zum Trotz: Die EU ist das bisher beste politische Projekt der Europ\u00e4erinnen und Europ\u00e4er (05\/19)<\/a><\/li>\n\n\n\n<li><a href=\"https:\/\/jean-monnet-saar.eu\/?page_id=2178\">Prof. Dr. Thomas Giegerich &#8211; Ein Update zum Brexit (05\/19)<\/a><\/li>\n\n\n\n<li><a href=\"https:\/\/jean-monnet-saar.eu\/?page_id=2088\">Prof. Dr. Thomas Giegerich und Katharina Koch &#8211; Europawahl 2019 und das Brexit-Drama (04\/19)<\/a><\/li>\n\n\n\n<li><a href=\"https:\/\/jean-monnet-saar.eu\/?page_id=2075\">Prof. Dr. Thomas Giegerich &#8211; Aufstehen f\u00fcr Europa: Mais dans quelle direction? (02\/19)<\/a><\/li>\n<\/ul>\n\n\n\n<p><strong>2018<\/strong><\/p>\n\n\n\n<ul class=\"wp-block-list\">\n<li><a href=\"https:\/\/jean-monnet-saar.eu\/?p=2045\">Prof. Dr. Thomas Giegerich &#8211; V\u00f6lker- und europarechtliche Perspektiven auf Flucht (11\/18)<\/a><\/li>\n\n\n\n<li><a href=\"https:\/\/jean-monnet-saar.eu\/?p=1935\">Prof. Dr. Thomas Giegerich &#8211; Demokratie gestalten im Zeitalter von Europ\u00e4isierung und Globalisierung (03\/18)<\/a><\/li>\n<\/ul>\n\n\n\n<p><strong>2017<\/strong><\/p>\n\n\n\n<ul class=\"wp-block-list\">\n<li><a href=\"https:\/\/jean-monnet-saar.eu\/?p=1835\">Michael Schuberth &#8211; Verbindliche Quoten rechtm\u00e4\u00dfig: Das Urteil in den verbundenen Rechtssachen C-643\/15 und C-647\/15 Slowakei und Ungarn \/ Rat (09\/17)<\/a><\/li>\n\n\n\n<li><a href=\"https:\/\/jean-monnet-saar.eu\/?p=1790\">Sebastian Zeitzmann &#8211; Theresa May: Die verlorene Wette, Teil II (06\/17)<\/a><\/li>\n\n\n\n<li><a href=\"https:\/\/jean-monnet-saar.eu\/?p=1753\">Kristina M\u00fcller &#8211; No Legal Pathway for Asylum Seekers to the EU through Humanitarian Visas: The case of <em>X and X v Belgium<\/em> before the CJEU (05\/17)<\/a><\/li>\n\n\n\n<li><a href=\"https:\/\/jean-monnet-saar.eu\/?p=1681\">Prof. Dr. Thomas Giegerich &#8211; \u201eV\u00f6lker- und europarechtliche Perspektiven auf Flucht\u201c &#8211; Ein Vortrag von Univ.-Prof. Dr. Thomas Giegerich (02\/17)<\/a><\/li>\n\n\n\n<li><a href=\"https:\/\/jean-monnet-saar.eu\/?p=1666\">Dr. Helen K\u00fcchler und Prof. Dr. Thomas Giegerich &#8211; Sieg oder Niederlage f\u00fcr den Front Polisario? Das Urteil des EuGH in der Rechtssache C\u2011104\/16 P (01\/17)<\/a><\/li>\n<\/ul>\n\n\n\n<p><strong>2016<\/strong><\/p>\n\n\n\n<ul class=\"wp-block-list\">\n<li><a href=\"https:\/\/jean-monnet-saar.eu\/?p=1661\">Eleftherios Petropoulos &#8211;&nbsp;Eine Institution der EU erreicht ihre \u201eVollj\u00e4hrigkeit\u201c: Eine Europ\u00e4ische B\u00fcrgerinitiative vor der Gro\u00dfen Kammer des EuGH (12\/16)<\/a><\/li>\n\n\n\n<li><a href=\"https:\/\/jean-monnet-saar.eu\/?p=1641\">Prof. Dr. Thomas Giegerich &#8211; \u00dcberblick \u00fcber die Freihandelsabkommen der EU mit Kanada (CETA) und den USA (TTIP) (12\/16)<\/a><\/li>\n\n\n\n<li><a href=\"https:\/\/jean-monnet-saar.eu\/?p=1614\">Prof. Dr. Thomas Giegerich &#8211; The European Union as a Global Actor &#8211; An Introduction (11\/16)<\/a><\/li>\n\n\n\n<li><a href=\"https:\/\/jean-monnet-saar.eu\/?p=1575\">Dr. Desir\u00e9e Schmitt and Prof. Dr. Thomas Giegerich &#8211; Discriminatory Entrance Fee, the German Federal Constitutional Court and the Absent Court of Justice of the EU &#8211; A Commentary (10\/16)<\/a><\/li>\n\n\n\n<li><a href=\"https:\/\/jean-monnet-saar.eu\/?p=1511\">Pieter Gryffroy &#8211;&nbsp;Two years after Digital Rights Ireland: general data retention obligations might still be compatible with EU law &#8211;&nbsp;A review of the Advocate General\u2019s opinion in Joined Cases C-203\/15 and C-698\/15 (09\/16)<\/a><\/li>\n\n\n\n<li><a href=\"https:\/\/jean-monnet-saar.eu\/?p=1453\">Pieter Gryffroy &#8211;&nbsp;Taking a look at two cases in the margin of the CJEU\u2019s \u201cPrivacy Spring\u201d, before and after the General Data Protection Regulation: Weltimmo and Bara (06\/16)<\/a><\/li>\n\n\n\n<li><a href=\"https:\/\/jean-monnet-saar.eu\/?p=1438\">Prof. Dr. Thomas Giegerich &#8211; Lecture on \u201eThe Charter of Fundamental Rights of the EU and Human Rights Protection in Europe\u201c by Univ.-Prof. Dr. Thomas Giegerich (06\/16)<\/a><\/li>\n\n\n\n<li><a href=\"https:\/\/jean-monnet-saar.eu\/?p=1400\">Dr. Desir\u00e9e Schmitt und Sebastian Zeitzmann, Tagungsbericht Jean-Monnet-Symposium (05\/16)<\/a><\/li>\n\n\n\n<li><a href=\"https:\/\/jean-monnet-saar.eu\/?p=1258\">Prof. Dr. Thomas Giegerich &#8211; Oscillating between Friendliness and Scepticsm towards the European Union \u2013 A Critical Survey of the Federal Constitutional Court\u2019s Case-Law regarding European Integration (03\/16)<\/a><\/li>\n\n\n\n<li><a href=\"https:\/\/jean-monnet-saar.eu\/?p=1229\">Karoline Schmidt &#8211;&nbsp;Analyse des EGMR-Urteils Magyar Tartalomszolg\u00e1ltat\u00f3k Egyes\u00fclete und Index.hu Zrt gegen Ungarn (App. No. 22947\/13) \u2013 wie weit reicht die Meinungsfreiheit von Internet Service Providern? (02\/16)<\/a><\/li>\n\n\n\n<li><a href=\"https:\/\/jean-monnet-saar.eu\/?p=1211\">Pieter Gryffroy &#8211;&nbsp;The EU-US Privacy Shield: An Effective New Framework for Transatlantic Data Flows or A Weak Compromise Doomed to Fail? (02\/16)<\/a><\/li>\n\n\n\n<li><a href=\"https:\/\/jean-monnet-saar.eu\/?p=1146\">Prof. Dr. Thomas Giegerich und Dr. Helen K\u00fcchler &#8211; Darf ein Abkommen der EU mit Marokko auf das umstrittene Gebiet der Westsahara angewendet werden? Ein Urteil des EuG an der Schnittstelle von Unions- und V\u00f6lkerrecht im Fall Front Polisario gegen Rat der EU (Rs. T-512\/12) (01\/16)<\/a><\/li>\n\n\n\n<li><a href=\"https:\/\/jean-monnet-saar.eu\/?p=1116\">Prof. Dr. Thomas Giegerich und Sabihat Kre\u00df &#8211; Keine Freigabe kryokonservierter Embryonen zur Stammzellenforschung: Analyse des EGMR-Urteils \u201eParrillo v. Italy\u201c (App. No. 46470\/11) (01\/16)<\/a><\/li>\n<\/ul>\n\n\n\n<p><strong>2015<\/strong><\/p>\n\n\n\n<ul class=\"wp-block-list\">\n<li><a href=\"https:\/\/jean-monnet-saar.eu\/?p=1100\">Anika Bratzel &#8211;&nbsp;The ECtHR\u2019s Recent Encounter with Genocide: a closer look at the judgment in Vasiliauskas v Lithuania (12\/15)<\/a><\/li>\n\n\n\n<li><a href=\"https:\/\/jean-monnet-saar.eu\/?p=1043\">Sebastian Zeitzmann &#8211;&nbsp;Die Terrorakte von Paris: Anwendung des Art. 42 Abs. 7 EUV gerechtfertigt? (11\/15)<\/a><\/li>\n\n\n\n<li><a href=\"https:\/\/jean-monnet-saar.eu\/?p=1021\" target=\"_blank\" rel=\"noopener noreferrer\">Pieter Gryffroy &#8211; Belgian Court orders Facebook to stop tracking the surfing behaviour of non-members (11\/15)<\/a><\/li>\n\n\n\n<li><a href=\"https:\/\/jean-monnet-saar.eu\/?p=981\" target=\"_blank\" rel=\"noopener noreferrer\">Prof. Dr. Klaus von Brocke &#8211; Erste Anmerkungen zu der Presseerkl\u00e4rung IP\/15\/5880 vom 21.10.2015 im Hinblick auf die steuerlichen Beihilfeverfahren gegen die Niederlande und Fiat Finanz (11\/15)<\/a><\/li>\n\n\n\n<li><a href=\"https:\/\/jean-monnet-saar.eu\/?p=959\">Prof. Dr. Annette Guckelberger und Dr. Frederic Geber &#8211; EuGH-Urteil vom 15.10.2015 in der Rs. C-137\/14 verbessert Umweltrechtsschutz in Deutschland (10\/15)<\/a><\/li>\n\n\n\n<li><a href=\"https:\/\/jean-monnet-saar.eu\/?p=947\" target=\"_blank\" rel=\"noopener noreferrer\">Prof. Dr. Leif Johan Eliasson &#8211; The Transpacific Partnership (TPP) negotiations are finished: The Potential Impact on Progress in TTIP (10\/15)<\/a><\/li>\n\n\n\n<li><a href=\"https:\/\/jean-monnet-saar.eu\/?p=940\" target=\"_blank\" rel=\"noopener noreferrer\">Kanad Bagchi &#8211; Your Facebook Data Just Got a Lot More Secure \u2013 Case Analysis C-362\/14 Maximillian Schrems v Data Protection Commissioner (10\/15)<\/a><\/li>\n\n\n\n<li><a href=\"https:\/\/jean-monnet-saar.eu\/?p=898\">Dr. Desir\u00e9e Schmitt &#8211; Analyse des EGMR-Urteils \u201eKhlaifia and others v. Italy\u201c (App. No. 16483\/12 &#8211; \u201eLampedusa-Urteil\u201c) (09\/15)<\/a><\/li>\n\n\n\n<li><a href=\"https:\/\/jean-monnet-saar.eu\/?p=881\" target=\"_blank\" rel=\"noopener noreferrer\">Dr. Oskar Josef Gstrein &#8211; Case analysis of the ECtHR judgment in Delfi AS v. Estonia (app. No. 64569\/09) (07\/15)<\/a><\/li>\n\n\n\n<li><a href=\"https:\/\/jean-monnet-saar.eu\/?p=876\" target=\"_blank\" rel=\"noopener noreferrer\">Kanad Bagchi &#8211; A Fervent Call For An Immediate Sovereign Debt Restructuring Plan for Greece (07\/15)<\/a><\/li>\n\n\n\n<li><a href=\"https:\/\/jean-monnet-saar.eu\/?p=863\" target=\"_blank\" rel=\"noopener noreferrer\">Kanad Bagchi and Dr. Oskar Josef Gstrein &#8211; The inconsistent guardians of Human Rights in the Digital Age \u2013 Differing Standards and a Missed Opportunity (06\/15)<\/a><\/li>\n\n\n\n<li><a href=\"https:\/\/jean-monnet-saar.eu\/?p=855\" target=\"_blank\" rel=\"noopener noreferrer\">Kanad Bagchi &#8211; The Long Road Towards a Genuine Central Bank \u2013 ECB and its OMT Program (06\/15)<\/a><\/li>\n\n\n\n<li><a href=\"https:\/\/jean-monnet-saar.eu\/?p=838\" target=\"_blank\" rel=\"noopener noreferrer\">Prof. Dr. Thomas Giegerich &#8211; The Prospective Impact of the TTIP Agreement on the European Union\u2019s Power to Regulate (05\/15)<\/a><\/li>\n\n\n\n<li><a title=\"EU Accession to the ECHR: In Defense of the ECJ\" href=\"https:\/\/jean-monnet-saar.eu\/?p=745\" target=\"_blank\" rel=\"noopener noreferrer\">Kanad Bagchi &#8211; EU Accession to the ECHR: In Defense of the ECJ (02\/15)<\/a><\/li>\n<\/ul>\n\n\n\n<p><strong>2014<\/strong><\/p>\n\n\n\n<ul class=\"wp-block-list\">\n<li><a href=\"https:\/\/jean-monnet-saar.eu\/?p=708\" target=\"_blank\" rel=\"noopener noreferrer\">Prof. Dr. Dagmar Richter &#8211; Verbot der Diskriminierung wegen Adipositas? (12\/14)<\/a><\/li>\n\n\n\n<li><a href=\"https:\/\/jean-monnet-saar.eu\/?p=690\" target=\"_blank\" rel=\"noopener noreferrer\">Dr. Oskar Josef Gstrein &#8211; EuGH Gutachten (2\/13) zum EMRK Beitritt (12\/14)<\/a><\/li>\n\n\n\n<li><a title=\"Kein Sozialtourismus unter dem Deckmantel der Freiz\u00fcgigkeit\" href=\"https:\/\/jean-monnet-saar.eu\/?p=659\" target=\"_blank\" rel=\"noopener noreferrer\">Dr. Helen K\u00fcchler &#8211; Kein Sozialtourismus unter dem Deckmantel der Freiz\u00fcgigkeit (11\/14)<\/a><\/li>\n\n\n\n<li><a title=\"Antidiscrimination Law\" href=\"https:\/\/jean-monnet-saar.eu\/?p=641\" target=\"_blank\" rel=\"noopener noreferrer\">Prof. Dr. Thomas Giegerich &#8211; Essentials of European Law: Antidiscrimination law (11\/14)<\/a><\/li>\n\n\n\n<li><a title=\"Das Vereinigte K\u00f6nigreich und der Haushalt der Europ\u00e4ischen Union\" href=\"https:\/\/jean-monnet-saar.eu\/?p=628\" target=\"_blank\" rel=\"noopener noreferrer\">Dr. Sabrina Lauer &#8211; Das Vereinigte K\u00f6nigreich und der Haushalt der Europ\u00e4ischen Union (11\/14)<\/a><\/li>\n\n\n\n<li><a title=\"Europarecht \u2013 Die Ernennung der Europ\u00e4ischen Kommission\" href=\"https:\/\/jean-monnet-saar.eu\/?p=619\" target=\"_blank\" rel=\"noopener noreferrer\">Sebastian Zeitzmann &#8211; Die Ernennung der Europ\u00e4ischen Kommission (10\/14)<\/a><\/li>\n\n\n\n<li><a title=\"Alternative f\u00fcr Europa: Skeptiker an die Macht?\" href=\"https:\/\/jean-monnet-saar.eu\/?p=471\" target=\"_blank\" rel=\"noopener noreferrer\">Prof. Dr. Jacco Pekelder &#8211; Alternative f\u00fcr Europa: Skeptiker an die Macht? (06\/14)<\/a><\/li>\n\n\n\n<li><a title=\"A view from the United Kingdom\" href=\"https:\/\/jean-monnet-saar.eu\/?p=276\" target=\"_blank\" rel=\"noopener noreferrer\">Dr. Darren Harvey &#8211; A view from the United Kingdom (03\/14)<\/a><\/li>\n\n\n\n<li><a title=\"Keine deutsche Sperrklausel bei der Europawahl\" href=\"https:\/\/jean-monnet-saar.eu\/?p=259\" target=\"_blank\" rel=\"noopener noreferrer\">Sebastian Zeitzmann &#8211; Keine deutsche Sperrklausel bei der Europawahl (03\/14)<\/a><\/li>\n\n\n\n<li><a title=\"Zuk\u00fcnftiges deutsches Vignettensystem\" href=\"https:\/\/jean-monnet-saar.eu\/?p=38\">Dr. Sabrina Lauer &#8211; Das zuk\u00fcnftige deutsche Vignetten-System: Eine verbotene Diskriminierung von EU-Ausl\u00e4ndern? (01\/14)<\/a><\/li>\n<\/ul>\n\n\n\n<p><strong>2013<\/strong><\/p>\n\n\n\n<ul class=\"wp-block-list\">\n<li><a title=\"Skizze zur \u201ePhilosophie\u201c des Europa-Instituts\" href=\"https:\/\/jean-monnet-saar.eu\/?p=209\">Prof. Dr. Thomas Giegerich&nbsp; &#8211; Skizze zur &#8222;Philosophie&#8220; des Europa-Instituts (10\/13)<\/a><\/li>\n<\/ul>\n\n\n\n<p><\/p>\n","protected":false},"excerpt":{"rendered":"<p>Eine \u00dcbersicht der Stellungnahmen zu aktuellen Diskursen im Bereich des Europarechts und der Europapolitik auf Jean Monnet Saar. Die Beitr\u00e4ge sollten eine L\u00e4nge von 4.000<\/p>\n","protected":false},"author":16,"featured_media":0,"parent":0,"menu_order":0,"comment_status":"closed","ping_status":"closed","template":"","meta":{"footnotes":""},"class_list":["post-73","page","type-page","status-publish","hentry"],"_links":{"self":[{"href":"https:\/\/jean-monnet-saar.eu\/index.php?rest_route=\/wp\/v2\/pages\/73","targetHints":{"allow":["GET"]}}],"collection":[{"href":"https:\/\/jean-monnet-saar.eu\/index.php?rest_route=\/wp\/v2\/pages"}],"about":[{"href":"https:\/\/jean-monnet-saar.eu\/index.php?rest_route=\/wp\/v2\/types\/page"}],"author":[{"embeddable":true,"href":"https:\/\/jean-monnet-saar.eu\/index.php?rest_route=\/wp\/v2\/users\/16"}],"replies":[{"embeddable":true,"href":"https:\/\/jean-monnet-saar.eu\/index.php?rest_route=%2Fwp%2Fv2%2Fcomments&post=73"}],"version-history":[{"count":26,"href":"https:\/\/jean-monnet-saar.eu\/index.php?rest_route=\/wp\/v2\/pages\/73\/revisions"}],"predecessor-version":[{"id":323000,"href":"https:\/\/jean-monnet-saar.eu\/index.php?rest_route=\/wp\/v2\/pages\/73\/revisions\/323000"}],"wp:attachment":[{"href":"https:\/\/jean-monnet-saar.eu\/index.php?rest_route=%2Fwp%2Fv2%2Fmedia&parent=73"}],"curies":[{"name":"wp","href":"https:\/\/api.w.org\/{rel}","templated":true}]}}